{"id":1121,"date":"2020-10-17T21:17:56","date_gmt":"2020-10-17T21:17:56","guid":{"rendered":"https:\/\/ufcq.com.pt\/wp-usc\/?page_id=1121"},"modified":"2022-06-21T18:33:15","modified_gmt":"2022-06-21T18:33:15","slug":"covid-19","status":"publish","type":"page","link":"https:\/\/ufcq.com.pt\/wp-usc\/covid-19\/","title":{"rendered":"Covid-19"},"content":{"rendered":"\t\t<div data-elementor-type=\"wp-page\" data-elementor-id=\"1121\" class=\"elementor elementor-1121\" data-elementor-post-type=\"page\">\n\t\t\t\t\t\t<section class=\"elementor-section elementor-top-section elementor-element elementor-element-fbd6343 elementor-section-boxed ang-section-padding-initial elementor-section-height-default elementor-section-height-default elementor-repeater-item-none elementor-repeater-item-none_hover\" data-id=\"fbd6343\" data-element_type=\"section\" data-e-type=\"section\" data-settings=\"{&quot;background_background&quot;:&quot;classic&quot;}\">\n\t\t\t\t\t\t\t<div class=\"elementor-background-overlay\"><\/div>\n\t\t\t\t\t\t\t<div class=\"elementor-container elementor-column-gap-no\">\n\t\t\t\t\t<div class=\"elementor-column elementor-col-100 elementor-top-column elementor-element elementor-element-cfbfd48 elementor-repeater-item-none elementor-repeater-item-none_hover\" data-id=\"cfbfd48\" data-element_type=\"column\" data-e-type=\"column\">\n\t\t\t<div class=\"elementor-widget-wrap elementor-element-populated\">\n\t\t\t\t\t\t<div class=\"elementor-element elementor-element-3c1950b elementor-widget__width-auto elementor-hidden-phone elementor-repeater-item-none elementor-repeater-item-none_hover elementor-widget elementor-widget-heading\" data-id=\"3c1950b\" data-element_type=\"widget\" data-e-type=\"widget\" data-widget_type=\"heading.default\">\n\t\t\t\t<div class=\"elementor-widget-container\">\n\t\t\t\t\t<h1 class=\"elementor-heading-title elementor-size-default\">Covid-19<\/h1>\t\t\t\t<\/div>\n\t\t\t\t<\/div>\n\t\t\t\t<div class=\"elementor-element elementor-element-86981eb elementor-widget__width-auto elementor-hidden-desktop elementor-hidden-tablet elementor-repeater-item-none elementor-repeater-item-none_hover elementor-widget elementor-widget-heading\" data-id=\"86981eb\" data-element_type=\"widget\" data-e-type=\"widget\" data-widget_type=\"heading.default\">\n\t\t\t\t<div class=\"elementor-widget-container\">\n\t\t\t\t\t<h1 class=\"elementor-heading-title elementor-size-default\">Covid-19<\/h1>\t\t\t\t<\/div>\n\t\t\t\t<\/div>\n\t\t\t\t<div class=\"elementor-element elementor-element-1dd357a elementor-repeater-item-none elementor-repeater-item-none_hover elementor-widget elementor-widget-heading\" data-id=\"1dd357a\" data-element_type=\"widget\" data-e-type=\"widget\" data-widget_type=\"heading.default\">\n\t\t\t\t<div class=\"elementor-widget-container\">\n\t\t\t\t\t<h2 class=\"elementor-heading-title elementor-size-default\">SARS-COV-2<\/h2>\t\t\t\t<\/div>\n\t\t\t\t<\/div>\n\t\t\t\t\t<\/div>\n\t\t<\/div>\n\t\t\t\t\t<\/div>\n\t\t<\/section>\n\t\t\t\t<section class=\"elementor-section elementor-top-section elementor-element elementor-element-b3695ee elementor-section-boxed ang-section-padding-initial elementor-section-height-default elementor-section-height-default elementor-repeater-item-none elementor-repeater-item-none_hover\" data-id=\"b3695ee\" data-element_type=\"section\" data-e-type=\"section\">\n\t\t\t\t\t\t<div class=\"elementor-container elementor-column-gap-no\">\n\t\t\t\t\t<div class=\"elementor-column elementor-col-100 elementor-top-column elementor-element elementor-element-0dbe835 elementor-repeater-item-none elementor-repeater-item-none_hover\" data-id=\"0dbe835\" data-element_type=\"column\" data-e-type=\"column\">\n\t\t\t<div class=\"elementor-widget-wrap elementor-element-populated\">\n\t\t\t\t\t\t<section class=\"elementor-section elementor-inner-section elementor-element elementor-element-645897f elementor-section-boxed ang-section-padding-initial elementor-section-height-default elementor-section-height-default elementor-repeater-item-none elementor-repeater-item-none_hover\" data-id=\"645897f\" data-element_type=\"section\" data-e-type=\"section\">\n\t\t\t\t\t\t<div class=\"elementor-container elementor-column-gap-no\">\n\t\t\t\t\t<div class=\"elementor-column elementor-col-100 elementor-inner-column elementor-element elementor-element-8462550 elementor-repeater-item-none elementor-repeater-item-none_hover\" data-id=\"8462550\" data-element_type=\"column\" data-e-type=\"column\">\n\t\t\t<div class=\"elementor-widget-wrap elementor-element-populated\">\n\t\t\t\t\t\t<div class=\"elementor-element elementor-element-6ab9848 elementor-repeater-item-none elementor-repeater-item-none_hover elementor-widget elementor-widget-menu-anchor\" data-id=\"6ab9848\" data-element_type=\"widget\" data-e-type=\"widget\" data-widget_type=\"menu-anchor.default\">\n\t\t\t\t<div class=\"elementor-widget-container\">\n\t\t\t\t\t\t\t<div class=\"elementor-menu-anchor\" id=\"covid\"><\/div>\n\t\t\t\t\t\t<\/div>\n\t\t\t\t<\/div>\n\t\t\t\t<div class=\"elementor-element elementor-element-ef5d747 elementor-repeater-item-none elementor-repeater-item-none_hover elementor-widget elementor-widget-heading\" data-id=\"ef5d747\" data-element_type=\"widget\" data-e-type=\"widget\" data-widget_type=\"heading.default\">\n\t\t\t\t<div class=\"elementor-widget-container\">\n\t\t\t\t\t<h2 class=\"elementor-heading-title elementor-size-default\">SOBRE O COVID-19 E O SARS-COV-2<\/h2>\t\t\t\t<\/div>\n\t\t\t\t<\/div>\n\t\t\t\t<div class=\"elementor-element elementor-element-20b124c elementor-widget__width-auto elementor-widget-divider--view-line elementor-repeater-item-none elementor-repeater-item-none_hover elementor-widget elementor-widget-divider\" data-id=\"20b124c\" data-element_type=\"widget\" data-e-type=\"widget\" data-widget_type=\"divider.default\">\n\t\t\t\t<div class=\"elementor-widget-container\">\n\t\t\t\t\t\t\t<div class=\"elementor-divider\">\n\t\t\t<span class=\"elementor-divider-separator\">\n\t\t\t\t\t\t<\/span>\n\t\t<\/div>\n\t\t\t\t\t\t<\/div>\n\t\t\t\t<\/div>\n\t\t\t\t<div class=\"elementor-element elementor-element-4d32b8b elementor-repeater-item-none elementor-repeater-item-none_hover elementor-widget elementor-widget-text-editor\" data-id=\"4d32b8b\" data-element_type=\"widget\" data-e-type=\"widget\" data-widget_type=\"text-editor.default\">\n\t\t\t\t<div class=\"elementor-widget-container\">\n\t\t\t\t\t\t\t\t\t<p>Esta \u00e1rea tem como objectivo manter informados e atualizados os professores e alunos da USCQAL sobre a doen\u00e7a provocada pelo novo coronav\u00edrus SARS-COV-2.<\/p><p>Assim, para al\u00e9m da resposta a algumas quest\u00f5es que frequentemente se nos colocam, procuraremos manter actualizada toda a informa\u00e7\u00e3o e legisla\u00e7\u00e3o considerada relevante sobre esta mat\u00e9ria.<\/p>\t\t\t\t\t\t\t\t<\/div>\n\t\t\t\t<\/div>\n\t\t\t\t\t<\/div>\n\t\t<\/div>\n\t\t\t\t\t<\/div>\n\t\t<\/section>\n\t\t\t\t<div class=\"elementor-element elementor-element-ebbfda6 elementor-absolute external_elementor-repeater-item-none_external elementor-repeater-item-none elementor-repeater-item-none_hover elementor-widget elementor-widget-image\" data-id=\"ebbfda6\" data-element_type=\"widget\" data-e-type=\"widget\" data-settings=\"{&quot;_position&quot;:&quot;absolute&quot;}\" data-widget_type=\"image.default\">\n\t\t\t\t<div class=\"elementor-widget-container\">\n\t\t\t\t\t\t\t\t\t\t\t\t\t\t\t<img fetchpriority=\"high\" decoding=\"async\" width=\"1024\" height=\"638\" src=\"https:\/\/ufcq.com.pt\/wp-usc\/wp-content\/uploads\/2020\/10\/vi\u0301rus-uscqal-1-1-1-1-1-1-1024x638.png\" class=\"attachment-large size-large wp-image-1204\" alt=\"\" srcset=\"https:\/\/ufcq.com.pt\/wp-usc\/wp-content\/uploads\/2020\/10\/vi\u0301rus-uscqal-1-1-1-1-1-1-1024x638.png 1024w, https:\/\/ufcq.com.pt\/wp-usc\/wp-content\/uploads\/2020\/10\/vi\u0301rus-uscqal-1-1-1-1-1-1-300x187.png 300w, https:\/\/ufcq.com.pt\/wp-usc\/wp-content\/uploads\/2020\/10\/vi\u0301rus-uscqal-1-1-1-1-1-1-768x479.png 768w, https:\/\/ufcq.com.pt\/wp-usc\/wp-content\/uploads\/2020\/10\/vi\u0301rus-uscqal-1-1-1-1-1-1-e1603143782131.png 500w\" sizes=\"(max-width: 1024px) 100vw, 1024px\" \/>\t\t\t\t\t\t\t\t\t\t\t\t\t\t\t<\/div>\n\t\t\t\t<\/div>\n\t\t\t\t<div class=\"elementor-element elementor-element-35b7700 elementor-repeater-item-none elementor-repeater-item-none_hover elementor-widget elementor-widget-heading\" data-id=\"35b7700\" data-element_type=\"widget\" data-e-type=\"widget\" data-widget_type=\"heading.default\">\n\t\t\t\t<div class=\"elementor-widget-container\">\n\t\t\t\t\t<h2 class=\"elementor-heading-title elementor-size-default\">Perguntas frequentes<\/h2>\t\t\t\t<\/div>\n\t\t\t\t<\/div>\n\t\t\t\t<div class=\"elementor-element elementor-element-b6e61ed elementor-tabs-view-vertical elementor-repeater-item-none elementor-repeater-item-none_hover elementor-widget elementor-widget-tabs\" data-id=\"b6e61ed\" data-element_type=\"widget\" data-e-type=\"widget\" data-widget_type=\"tabs.default\">\n\t\t\t\t<div class=\"elementor-widget-container\">\n\t\t\t\t\t\t\t<div class=\"elementor-tabs\">\n\t\t\t<div class=\"elementor-tabs-wrapper\" role=\"tablist\" >\n\t\t\t\t\t\t\t\t\t<div id=\"elementor-tab-title-1911\" class=\"elementor-tab-title elementor-tab-desktop-title\" aria-selected=\"true\" data-tab=\"1\" role=\"tab\" tabindex=\"0\" aria-controls=\"elementor-tab-content-1911\" aria-expanded=\"false\">O que \u00e9 a COVID-19?<\/div>\n\t\t\t\t\t\t\t\t\t<div id=\"elementor-tab-title-1912\" class=\"elementor-tab-title elementor-tab-desktop-title\" aria-selected=\"false\" data-tab=\"2\" role=\"tab\" tabindex=\"-1\" aria-controls=\"elementor-tab-content-1912\" aria-expanded=\"false\">O que s\u00e3o os coronav\u00edrus?<\/div>\n\t\t\t\t\t\t\t\t\t<div id=\"elementor-tab-title-1913\" class=\"elementor-tab-title elementor-tab-desktop-title\" aria-selected=\"false\" data-tab=\"3\" role=\"tab\" tabindex=\"-1\" aria-controls=\"elementor-tab-content-1913\" aria-expanded=\"false\">Porque foi dado o nome de COVID-19?<\/div>\n\t\t\t\t\t\t\t\t\t<div id=\"elementor-tab-title-1914\" class=\"elementor-tab-title elementor-tab-desktop-title\" aria-selected=\"false\" data-tab=\"4\" role=\"tab\" tabindex=\"-1\" aria-controls=\"elementor-tab-content-1914\" aria-expanded=\"false\">Qual a diferen\u00e7a entre COVID-19 e SARS-COV-2?<\/div>\n\t\t\t\t\t\t\t\t\t<div id=\"elementor-tab-title-1915\" class=\"elementor-tab-title elementor-tab-desktop-title\" aria-selected=\"false\" data-tab=\"5\" role=\"tab\" tabindex=\"-1\" aria-controls=\"elementor-tab-content-1915\" aria-expanded=\"false\">Quais s\u00e3o os sinais e sintomas?<\/div>\n\t\t\t\t\t\t\t\t\t<div id=\"elementor-tab-title-1916\" class=\"elementor-tab-title elementor-tab-desktop-title\" aria-selected=\"false\" data-tab=\"6\" role=\"tab\" tabindex=\"-1\" aria-controls=\"elementor-tab-content-1916\" aria-expanded=\"false\">Qual \u00e9 o per\u00edodo de cont\u00e1gio?<\/div>\n\t\t\t\t\t\t\t\t\t<div id=\"elementor-tab-title-1917\" class=\"elementor-tab-title elementor-tab-desktop-title\" aria-selected=\"false\" data-tab=\"7\" role=\"tab\" tabindex=\"-1\" aria-controls=\"elementor-tab-content-1917\" aria-expanded=\"false\">J\u00e1 aconteceu algum surto com coronav\u00edrus em anos anteriores?<\/div>\n\t\t\t\t\t\t\t\t\t<div id=\"elementor-tab-title-1918\" class=\"elementor-tab-title elementor-tab-desktop-title\" aria-selected=\"false\" data-tab=\"8\" role=\"tab\" tabindex=\"-1\" aria-controls=\"elementor-tab-content-1918\" aria-expanded=\"false\">Em que pa\u00edses \u00e9 que se detetaram pessoas infetadas?<\/div>\n\t\t\t\t\t\t\t\t\t<div id=\"elementor-tab-title-1919\" class=\"elementor-tab-title elementor-tab-desktop-title\" aria-selected=\"false\" data-tab=\"9\" role=\"tab\" tabindex=\"-1\" aria-controls=\"elementor-tab-content-1919\" aria-expanded=\"false\">Qual \u00e9 a diferen\u00e7a entre epidemia e pandemia?<\/div>\n\t\t\t\t\t\t\t\t\t<div id=\"elementor-tab-title-19110\" class=\"elementor-tab-title elementor-tab-desktop-title\" aria-selected=\"false\" data-tab=\"10\" role=\"tab\" tabindex=\"-1\" aria-controls=\"elementor-tab-content-19110\" aria-expanded=\"false\">Transmiss\u00e3o<\/div>\n\t\t\t\t\t\t\t\t\t<div id=\"elementor-tab-title-19111\" class=\"elementor-tab-title elementor-tab-desktop-title\" aria-selected=\"false\" data-tab=\"11\" role=\"tab\" tabindex=\"-1\" aria-controls=\"elementor-tab-content-19111\" aria-expanded=\"false\">Vacina tratamento<\/div>\n\t\t\t\t\t\t\t<\/div>\n\t\t\t<div class=\"elementor-tabs-content-wrapper\" role=\"tablist\" aria-orientation=\"vertical\">\n\t\t\t\t\t\t\t\t\t<div class=\"elementor-tab-title elementor-tab-mobile-title\" aria-selected=\"true\" data-tab=\"1\" role=\"tab\" tabindex=\"0\" aria-controls=\"elementor-tab-content-1911\" aria-expanded=\"false\">O que \u00e9 a COVID-19?<\/div>\n\t\t\t\t\t<div id=\"elementor-tab-content-1911\" class=\"elementor-tab-content elementor-clearfix\" data-tab=\"1\" role=\"tabpanel\" aria-labelledby=\"elementor-tab-title-1911\" tabindex=\"0\" hidden=\"false\"><p>COVID-19 \u00e9 o nome, atribu\u00eddo pela Organiza\u00e7\u00e3o Mundial da Sa\u00fade, \u00e0 doen\u00e7a provocada pelo novo coronav\u00edrus SARS-COV-2, que pode causar infe\u00e7\u00e3o respirat\u00f3ria grave como a pneumonia. Este v\u00edrus foi identificado pela primeira vez em humanos, no final de 2019, na cidade chinesa de Wuhan, prov\u00edncia de Hubei, tendo sido confirmados casos em outros pa\u00edses.<\/p><\/div>\n\t\t\t\t\t\t\t\t\t<div class=\"elementor-tab-title elementor-tab-mobile-title\" aria-selected=\"false\" data-tab=\"2\" role=\"tab\" tabindex=\"-1\" aria-controls=\"elementor-tab-content-1912\" aria-expanded=\"false\">O que s\u00e3o os coronav\u00edrus?<\/div>\n\t\t\t\t\t<div id=\"elementor-tab-content-1912\" class=\"elementor-tab-content elementor-clearfix\" data-tab=\"2\" role=\"tabpanel\" aria-labelledby=\"elementor-tab-title-1912\" tabindex=\"0\" hidden=\"hidden\"><p>Os coronav\u00edrus s\u00e3o um grupo de v\u00edrus que podem causar infe\u00e7\u00f5es nas pessoas. Normalmente estas infe\u00e7\u00f5es est\u00e3o associadas ao sistema respirat\u00f3rio, podendo ser parecidas a uma gripe comum ou evoluir para uma doen\u00e7a mais grave, como pneumonia.<\/p><\/div>\n\t\t\t\t\t\t\t\t\t<div class=\"elementor-tab-title elementor-tab-mobile-title\" aria-selected=\"false\" data-tab=\"3\" role=\"tab\" tabindex=\"-1\" aria-controls=\"elementor-tab-content-1913\" aria-expanded=\"false\">Porque foi dado o nome de COVID-19?<\/div>\n\t\t\t\t\t<div id=\"elementor-tab-content-1913\" class=\"elementor-tab-content elementor-clearfix\" data-tab=\"3\" role=\"tabpanel\" aria-labelledby=\"elementor-tab-title-1913\" tabindex=\"0\" hidden=\"hidden\"><p>A Organiza\u00e7\u00e3o Mundial da Sa\u00fade atribuiu o nome, COVID-19, \u00e9 o nome da doen\u00e7a que resulta das palavras \u201cCorona\u201d, \u201cV\u00edrus\u201d e \u201cDoen\u00e7a\u201d com indica\u00e7\u00e3o do ano em que surgiu (2019).<\/p><\/div>\n\t\t\t\t\t\t\t\t\t<div class=\"elementor-tab-title elementor-tab-mobile-title\" aria-selected=\"false\" data-tab=\"4\" role=\"tab\" tabindex=\"-1\" aria-controls=\"elementor-tab-content-1914\" aria-expanded=\"false\">Qual a diferen\u00e7a entre COVID-19 e SARS-COV-2?<\/div>\n\t\t\t\t\t<div id=\"elementor-tab-content-1914\" class=\"elementor-tab-content elementor-clearfix\" data-tab=\"4\" role=\"tabpanel\" aria-labelledby=\"elementor-tab-title-1914\" tabindex=\"0\" hidden=\"hidden\"><p>SARS-CoV-2 \u00e9 o nome do novo coronav\u00edrus que foi detetado na China, no final de 2019, e que significa \u201cs\u00edndrome respirat\u00f3ria aguda grave \u2013 coronav\u00edrus 2\u201d.&nbsp;<\/p>\n<p>COVID-19 \u00e9 a doen\u00e7a que \u00e9 provocada pela infe\u00e7\u00e3o pelo coronav\u00edrus SARS-CoV-2.<\/p><\/div>\n\t\t\t\t\t\t\t\t\t<div class=\"elementor-tab-title elementor-tab-mobile-title\" aria-selected=\"false\" data-tab=\"5\" role=\"tab\" tabindex=\"-1\" aria-controls=\"elementor-tab-content-1915\" aria-expanded=\"false\">Quais s\u00e3o os sinais e sintomas?<\/div>\n\t\t\t\t\t<div id=\"elementor-tab-content-1915\" class=\"elementor-tab-content elementor-clearfix\" data-tab=\"5\" role=\"tabpanel\" aria-labelledby=\"elementor-tab-title-1915\" tabindex=\"0\" hidden=\"hidden\"><p>Os sintomas mais frequentes associados \u00e0 infe\u00e7\u00e3o pelo COVID-19 s\u00e3o:<\/p>\n<p><strong>febre<\/strong> (temperatura \u2265 38.0\u00baC);<\/p>\n<p><strong>tosse dificuldade respirat\u00f3ria<\/strong> (ex: falta de ar).<\/p>\n<p><br>Tamb\u00e9m pode surgir dor de garganta, corrimento nasal, dores de cabe\u00e7a e\/ou musculares e cansa\u00e7o.&nbsp;<\/p><p>Em casos mais graves, pode levar a pneumonia grave com insufici\u00eancia respirat\u00f3ria aguda, fal\u00eancia renal e de outros \u00f3rg\u00e3os, e eventual morte.<\/p><\/div>\n\t\t\t\t\t\t\t\t\t<div class=\"elementor-tab-title elementor-tab-mobile-title\" aria-selected=\"false\" data-tab=\"6\" role=\"tab\" tabindex=\"-1\" aria-controls=\"elementor-tab-content-1916\" aria-expanded=\"false\">Qual \u00e9 o per\u00edodo de cont\u00e1gio?<\/div>\n\t\t\t\t\t<div id=\"elementor-tab-content-1916\" class=\"elementor-tab-content elementor-clearfix\" data-tab=\"6\" role=\"tabpanel\" aria-labelledby=\"elementor-tab-title-1916\" tabindex=\"0\" hidden=\"hidden\"><p>O per\u00edodo de cont\u00e1gio (tempo decorrido entre a exposi\u00e7\u00e3o ao v\u00edrus e o aparecimento de sintomas) \u00e9 atualmente considerado de 14 dias. A transmiss\u00e3o por pessoas assintom\u00e1ticas (sem sintomas) ainda est\u00e1 a ser investigada.<\/p><\/div>\n\t\t\t\t\t\t\t\t\t<div class=\"elementor-tab-title elementor-tab-mobile-title\" aria-selected=\"false\" data-tab=\"7\" role=\"tab\" tabindex=\"-1\" aria-controls=\"elementor-tab-content-1917\" aria-expanded=\"false\">J\u00e1 aconteceu algum surto com coronav\u00edrus em anos anteriores?<\/div>\n\t\t\t\t\t<div id=\"elementor-tab-content-1917\" class=\"elementor-tab-content elementor-clearfix\" data-tab=\"7\" role=\"tabpanel\" aria-labelledby=\"elementor-tab-title-1917\" tabindex=\"0\" hidden=\"hidden\"><p>Sim. Em anos anteriores foram identificados alguns coronav\u00edrus que provocaram surtos e infe\u00e7\u00f5es respirat\u00f3rias graves em humanos. Exemplos disto foram:<br \/>&#8211; entre 2002 e 2003 a s\u00edndrome respirat\u00f3ria aguda grave (infe\u00e7\u00e3o provocada pelo coronav\u00edrus SARS-CoV)<br \/>&#8211; em 2012 a s\u00edndrome respirat\u00f3ria do M\u00e9dio Oriente (infe\u00e7\u00e3o provocada pelo coronav\u00edrus MERS-CoV)<\/p><\/div>\n\t\t\t\t\t\t\t\t\t<div class=\"elementor-tab-title elementor-tab-mobile-title\" aria-selected=\"false\" data-tab=\"8\" role=\"tab\" tabindex=\"-1\" aria-controls=\"elementor-tab-content-1918\" aria-expanded=\"false\">Em que pa\u00edses \u00e9 que se detetaram pessoas infetadas?<\/div>\n\t\t\t\t\t<div id=\"elementor-tab-content-1918\" class=\"elementor-tab-content elementor-clearfix\" data-tab=\"8\" role=\"tabpanel\" aria-labelledby=\"elementor-tab-title-1918\" tabindex=\"0\" hidden=\"hidden\"><p>Esta informa\u00e7\u00e3o est\u00e1 constantemente a ser atualizada pelas autoridades internacionais e pode ser consultada no site do Centro Europeu de Preven\u00e7\u00e3o e Controlo de Doen\u00e7as e na Organiza\u00e7\u00e3o Mundial da Sa\u00fade.<\/p><\/div>\n\t\t\t\t\t\t\t\t\t<div class=\"elementor-tab-title elementor-tab-mobile-title\" aria-selected=\"false\" data-tab=\"9\" role=\"tab\" tabindex=\"-1\" aria-controls=\"elementor-tab-content-1919\" aria-expanded=\"false\">Qual \u00e9 a diferen\u00e7a entre epidemia e pandemia?<\/div>\n\t\t\t\t\t<div id=\"elementor-tab-content-1919\" class=\"elementor-tab-content elementor-clearfix\" data-tab=\"9\" role=\"tabpanel\" aria-labelledby=\"elementor-tab-title-1919\" tabindex=\"0\" hidden=\"hidden\"><p>Uma epidemia \u00e9 quando uma doen\u00e7a ocorre com frequ\u00eancia invulgar numa determinada regi\u00e3o e por um per\u00edodo limitado. J\u00e1 a pandemia \u00e9 uma epidemia que se alastra ao mesmo tempo em v\u00e1rios pa\u00edses.<\/p><\/div>\n\t\t\t\t\t\t\t\t\t<div class=\"elementor-tab-title elementor-tab-mobile-title\" aria-selected=\"false\" data-tab=\"10\" role=\"tab\" tabindex=\"-1\" aria-controls=\"elementor-tab-content-19110\" aria-expanded=\"false\">Transmiss\u00e3o<\/div>\n\t\t\t\t\t<div id=\"elementor-tab-content-19110\" class=\"elementor-tab-content elementor-clearfix\" data-tab=\"10\" role=\"tabpanel\" aria-labelledby=\"elementor-tab-title-19110\" tabindex=\"0\" hidden=\"hidden\"><p>Os dados relativos \u00e0 forma de transmiss\u00e3o do COVID-19 n\u00e3o est\u00e3o, ainda, totalmente estabelecidos. Embora se saiba que a origem do v\u00edrus \u00e9 animal, atualmente a doen\u00e7a tem capacidade de transmiss\u00e3o de pessoa para pessoa. No entanto, ainda n\u00e3o existem dados epidemiol\u00f3gicos suficientes para caracterizar adequadamente a forma como este v\u00edrus se transmite. \u00c0 data, sabe-se que:<\/p><p>\u2022 A transmiss\u00e3o pessoa a pessoa ocorre por via respirat\u00f3ria, atrav\u00e9s das secre\u00e7\u00f5es respirat\u00f3rias eliminadas por quem est\u00e1 infetado (quando tosse ou espirra, por exemplo);<br \/>\u2022 A transmiss\u00e3o pessoa a pessoa ocorre, mais frequentemente em contactos pr\u00f3ximos (at\u00e9 2 m);<br \/>\u2022 Ainda n\u00e3o \u00e9 claro se a transmiss\u00e3o por via indireta (atrav\u00e9s de objectos contaminados por secre\u00e7\u00f5es\/ part\u00edculas \u2013 os denominados \u201cfomitas\u201d) \u00e9 significativa, dado que ainda n\u00e3o \u00e9 conhecido o per\u00edodo de sobreviv\u00eancia do v\u00edrus fora do hospedeiro.<\/p><\/div>\n\t\t\t\t\t\t\t\t\t<div class=\"elementor-tab-title elementor-tab-mobile-title\" aria-selected=\"false\" data-tab=\"11\" role=\"tab\" tabindex=\"-1\" aria-controls=\"elementor-tab-content-19111\" aria-expanded=\"false\">Vacina tratamento<\/div>\n\t\t\t\t\t<div id=\"elementor-tab-content-19111\" class=\"elementor-tab-content elementor-clearfix\" data-tab=\"11\" role=\"tabpanel\" aria-labelledby=\"elementor-tab-title-19111\" tabindex=\"0\" hidden=\"hidden\"><p>N\u00e3o existe, \u00e0 data, nenhuma vacina ou tratamento espec\u00edfico para a infe\u00e7\u00e3o por SARS- CoV-2, sendo que o tratamento \u00e9 sintom\u00e1tico e adequado a cada caso.<\/p>\n<p>Assim, a forma mais eficaz de combater o COVID-19 \u00e9, \u00e0 data, a preven\u00e7\u00e3o do cont\u00e1gio.&nbsp;<\/p>\n<p>Fontes: DGS e SNS 24.<\/p><p>Para esclarecer mais d\u00favidas sobre o Covid 19, consulte o site da DGS &#8211; <a href=\"http:\/\/www.dgs.pt\">www.dgs.pt<\/a><\/p><\/div>\n\t\t\t\t\t\t\t<\/div>\n\t\t<\/div>\n\t\t\t\t\t\t<\/div>\n\t\t\t\t<\/div>\n\t\t\t\t<div class=\"elementor-element elementor-element-f0b1a2b elementor-repeater-item-none elementor-repeater-item-none_hover elementor-widget elementor-widget-heading\" data-id=\"f0b1a2b\" data-element_type=\"widget\" data-e-type=\"widget\" data-widget_type=\"heading.default\">\n\t\t\t\t<div class=\"elementor-widget-container\">\n\t\t\t\t\t<h2 class=\"elementor-heading-title elementor-size-default\">CONTACTOS \u00daTEIS<\/h2>\t\t\t\t<\/div>\n\t\t\t\t<\/div>\n\t\t\t\t<div class=\"elementor-element elementor-element-a1ed503 elementor-repeater-item-none elementor-repeater-item-none_hover elementor-widget elementor-widget-text-editor\" data-id=\"a1ed503\" data-element_type=\"widget\" data-e-type=\"widget\" data-widget_type=\"text-editor.default\">\n\t\t\t\t<div class=\"elementor-widget-container\">\n\t\t\t\t\t\t\t\t\t<p><strong>SNS 24 \u2013 808 24 24 24<\/strong><\/p>\n<p>Se ligar para o SNS 24:<\/p>\n<p>&#8211; Escolha a op\u00e7\u00e3o que mais se adequa ao seu caso:<br>&#8211; Se n\u00e3o tem nenhum sintoma, mas esteve perto de uma pessoa que tem COVID-19 ou fez recentemente o teste, marque 0;<br>&#8211; Se tem febre ou tosse, marque 1;<br>&#8211; Para outros problemas de sa\u00fade, marque 2;<br>&#8211; Se pretende aconselhamento psicol\u00f3gico, marque 3;<br>&#8211; Para outros assuntos administrativos, marque 5;<br>Se suspeitar estar com Covid 19 e a linha SNS 24 n\u00e3o atender, envie um mail para:&nbsp;<a href=\"mailto:atendimento@sns24.gov.pt\"><b>atendimento@sns24.gov.pt<\/b><\/a><br>Para informa\u00e7\u00f5es sobre subs\u00eddio de doen\u00e7a ou assist\u00eancia \u00e0 fam\u00edlia contacte a Seguran\u00e7a Social atrav\u00e9s do <strong>300 502&nbsp;502<\/strong><\/p>\t\t\t\t\t\t\t\t<\/div>\n\t\t\t\t<\/div>\n\t\t\t\t<div class=\"elementor-element elementor-element-dd3b0e4 elementor-repeater-item-none elementor-repeater-item-none_hover elementor-widget elementor-widget-heading\" data-id=\"dd3b0e4\" data-element_type=\"widget\" data-e-type=\"widget\" data-widget_type=\"heading.default\">\n\t\t\t\t<div class=\"elementor-widget-container\">\n\t\t\t\t\t<h2 class=\"elementor-heading-title elementor-size-default\">MEDIDAS DE PREVEN\u00c7\u00c3O<\/h2>\t\t\t\t<\/div>\n\t\t\t\t<\/div>\n\t\t\t\t<div class=\"elementor-element elementor-element-6cfc1dd elementor-repeater-item-none elementor-repeater-item-none_hover elementor-widget elementor-widget-text-editor\" data-id=\"6cfc1dd\" data-element_type=\"widget\" data-e-type=\"widget\" data-widget_type=\"text-editor.default\">\n\t\t\t\t<div class=\"elementor-widget-container\">\n\t\t\t\t\t\t\t\t\tA resposta a um surto de uma doen\u00e7a infeciosa n\u00e3o diz respeito apenas ao setor da\nsa\u00fade. \u00c9 antes uma responsabilidade partilhada por todos.\n\nUma vez que n\u00e3o existe atualmente uma vacina, a preven\u00e7\u00e3o \u00e9 a melhor forma de\n\n<b>evitar o COVID-19.<\/b>\t\t\t\t\t\t\t\t<\/div>\n\t\t\t\t<\/div>\n\t\t\t\t<div class=\"elementor-element elementor-element-6183ebc elementor-tabs-view-vertical elementor-repeater-item-none elementor-repeater-item-none_hover elementor-widget elementor-widget-tabs\" data-id=\"6183ebc\" data-element_type=\"widget\" data-e-type=\"widget\" data-widget_type=\"tabs.default\">\n\t\t\t\t<div class=\"elementor-widget-container\">\n\t\t\t\t\t\t\t<div class=\"elementor-tabs\">\n\t\t\t<div class=\"elementor-tabs-wrapper\" role=\"tablist\" >\n\t\t\t\t\t\t\t\t\t<div id=\"elementor-tab-title-1021\" class=\"elementor-tab-title elementor-tab-desktop-title\" aria-selected=\"true\" data-tab=\"1\" role=\"tab\" tabindex=\"0\" aria-controls=\"elementor-tab-content-1021\" aria-expanded=\"false\">Lavar frequentemente as m\u00e3os<\/div>\n\t\t\t\t\t\t\t\t\t<div id=\"elementor-tab-title-1022\" class=\"elementor-tab-title elementor-tab-desktop-title\" aria-selected=\"false\" data-tab=\"2\" role=\"tab\" tabindex=\"-1\" aria-controls=\"elementor-tab-content-1022\" aria-expanded=\"false\">Cozinhar bem os alimentos, evitando o consumo de carne crua ou malpassada, principalmente nas zonas afetadas;<\/div>\n\t\t\t\t\t\t\t\t\t<div id=\"elementor-tab-title-1023\" class=\"elementor-tab-title elementor-tab-desktop-title\" aria-selected=\"false\" data-tab=\"3\" role=\"tab\" tabindex=\"-1\" aria-controls=\"elementor-tab-content-1023\" aria-expanded=\"false\">Adotar regras de etiqueta respirat\u00f3ria<\/div>\n\t\t\t\t\t\t\t\t\t<div id=\"elementor-tab-title-1024\" class=\"elementor-tab-title elementor-tab-desktop-title\" aria-selected=\"false\" data-tab=\"4\" role=\"tab\" tabindex=\"-1\" aria-controls=\"elementor-tab-content-1024\" aria-expanded=\"false\">Uso de M\u00e1scara<\/div>\n\t\t\t\t\t\t\t<\/div>\n\t\t\t<div class=\"elementor-tabs-content-wrapper\" role=\"tablist\" aria-orientation=\"vertical\">\n\t\t\t\t\t\t\t\t\t<div class=\"elementor-tab-title elementor-tab-mobile-title\" aria-selected=\"true\" data-tab=\"1\" role=\"tab\" tabindex=\"0\" aria-controls=\"elementor-tab-content-1021\" aria-expanded=\"false\">Lavar frequentemente as m\u00e3os<\/div>\n\t\t\t\t\t<div id=\"elementor-tab-content-1021\" class=\"elementor-tab-content elementor-clearfix\" data-tab=\"1\" role=\"tabpanel\" aria-labelledby=\"elementor-tab-title-1021\" tabindex=\"0\" hidden=\"false\"><p>Quando a lavagem adequada das m\u00e3os n\u00e3o for poss\u00edvel, pode recorrer-se ao uso de desinfetantes e antiss\u00e9ticos eficazes contra o COVID-19.<br \/>A higiene das m\u00e3os \u00e9 essencial para prevenir e reduzir a transmiss\u00e3o das infe\u00e7\u00f5es, tanto no caso dos profissionais de sa\u00fade, como da popula\u00e7\u00e3o em geral. A higiene correta das m\u00e3os deve ser feita:<br \/>\u2022 com \u00e1gua e sab\u00e3o durante 40 a 60 segundos;<br \/>\u2022 com uma solu\u00e7\u00e3o antiss\u00e9tica de base alco\u00f3lica (SABA) durante 20 a 30 segundos.<br \/>As m\u00e3os devem ser lavadas frequentemente, em particular ap\u00f3s tossir ou espirrar, antes de manusear alimentos, ap\u00f3s utiliza\u00e7\u00e3o da casa de banho e ap\u00f3s o contacto com pessoas doentes ou com animais. Se as m\u00e3os estiverem visivelmente sujas deve ser<br \/>preferida a lavagem com \u00e1gua e sab\u00e3o.<\/p><\/div>\n\t\t\t\t\t\t\t\t\t<div class=\"elementor-tab-title elementor-tab-mobile-title\" aria-selected=\"false\" data-tab=\"2\" role=\"tab\" tabindex=\"-1\" aria-controls=\"elementor-tab-content-1022\" aria-expanded=\"false\">Cozinhar bem os alimentos, evitando o consumo de carne crua ou malpassada, principalmente nas zonas afetadas;<\/div>\n\t\t\t\t\t<div id=\"elementor-tab-content-1022\" class=\"elementor-tab-content elementor-clearfix\" data-tab=\"2\" role=\"tabpanel\" aria-labelledby=\"elementor-tab-title-1022\" tabindex=\"0\" hidden=\"hidden\"><p>Ao visitar mercados com animais, em zonas afetadas pela infe\u00e7\u00e3o, evitar o contacto direto com os animais selvagens;<\/p><\/div>\n\t\t\t\t\t\t\t\t\t<div class=\"elementor-tab-title elementor-tab-mobile-title\" aria-selected=\"false\" data-tab=\"3\" role=\"tab\" tabindex=\"-1\" aria-controls=\"elementor-tab-content-1023\" aria-expanded=\"false\">Adotar regras de etiqueta respirat\u00f3ria<\/div>\n\t\t\t\t\t<div id=\"elementor-tab-content-1023\" class=\"elementor-tab-content elementor-clearfix\" data-tab=\"3\" role=\"tabpanel\" aria-labelledby=\"elementor-tab-title-1023\" tabindex=\"0\" hidden=\"hidden\"><p>\u2022 Evitar frequentar espa\u00e7os fechados com elevado n\u00famero de pessoas (por exemplo, centros comerciais);<br \/>\u2022 Evitar o contacto pr\u00f3ximo (inferior a 1 metro) com pessoas com sintomas de infec\u00e7\u00e3o respirat\u00f3ria;<br \/>\u2022 Tapar o nariz e a boca ao espirrar ou tossir, com o antebra\u00e7o ou com um len\u00e7o descart\u00e1vel (que deve ser descartado ap\u00f3s a utiliza\u00e7\u00e3o);<br \/>\u2022 Evitar tocar na boca, nariz ou olhos sem lavar as m\u00e3os. Uso obrigat\u00f3rio de m\u00e1scaras<\/p><\/div>\n\t\t\t\t\t\t\t\t\t<div class=\"elementor-tab-title elementor-tab-mobile-title\" aria-selected=\"false\" data-tab=\"4\" role=\"tab\" tabindex=\"-1\" aria-controls=\"elementor-tab-content-1024\" aria-expanded=\"false\">Uso de M\u00e1scara<\/div>\n\t\t\t\t\t<div id=\"elementor-tab-content-1024\" class=\"elementor-tab-content elementor-clearfix\" data-tab=\"4\" role=\"tabpanel\" aria-labelledby=\"elementor-tab-title-1024\" tabindex=\"0\" hidden=\"hidden\"><p>O governo aprovou, em 14 de Novembro, uma proposta de lei, a submeter \u00e0 Assembleia da Rep\u00fablica, que estabelece a obrigatoriedade do uso de m\u00e1scara comunit\u00e1ria na via p\u00fablica, sempre que n\u00e3o for poss\u00edvel manter o distanciamento social necess\u00e1rio, bem como a utiliza\u00e7\u00e3o da aplica\u00e7\u00e3o Stayaway Covid, no contexto laboral, acad\u00e9mico, nas for\u00e7as armadas e de seguran\u00e7a e na Administra\u00e7\u00e3o P\u00fablica em geral.<\/p><p>At\u00e9 \u00e0 aprova\u00e7\u00e3o (ou n\u00e3o) desta medida pela AR, \u00e9 obrigat\u00f3rio uso de m\u00e1scaras ou viseiras para o acesso ou perman\u00eancia nos espa\u00e7os e estabelecimentos comerciais e de presta\u00e7\u00e3o de servi\u00e7os, nos servi\u00e7os e edif\u00edcios de atendimento ao p\u00fablico e nos estabelecimentos de ensino e creches pelos funcion\u00e1rios docentes e n\u00e3o docentes e pelos alunos maiores de 10 anos.<\/p><p>\u00c9 tamb\u00e9m obrigat\u00f3rio o uso de m\u00e1scaras ou viseiras na utiliza\u00e7\u00e3o de transportes coletivos de passageiros pelos passageiros com idade igual ou superior a 10 anos.<\/p><p>As m\u00e1scaras podem ser Cir\u00fargicas vs M\u00e1scaras Autofiltrantes.<\/p><p>A principal diferen\u00e7a entre m\u00e1scaras cir\u00fargicas e m\u00e1scaras autofiltrantes prende-se com o fim para o qual se destinam e nos testes realizados para a sua coloca\u00e7\u00e3o no mercado. Enquanto as m\u00e1scaras cir\u00fargicas s\u00e3o consideradas dispositivos m\u00e9dicos, as m\u00e1scaras PFF1, PFF2 e PFF3 s\u00e3o classificadas como Equipamentos de Prote\u00e7\u00e3o Individual.<\/p><p>Esta diferen\u00e7a de classifica\u00e7\u00e3o significa que as primeiras s\u00e3o colocadas no mercado com vista \u00e0 utiliza\u00e7\u00e3o em contexto de cuidados de sa\u00fade e testadas para garantir a prote\u00e7\u00e3o do doente e controlo de infe\u00e7\u00e3o. J\u00e1 as m\u00e1scaras autofiltrantes visam a prote\u00e7\u00e3o individual em ambiente de trabalho de alto risco, qu\u00edmico e\/ou biol\u00f3gico.<\/p><\/div>\n\t\t\t\t\t\t\t<\/div>\n\t\t<\/div>\n\t\t\t\t\t\t<\/div>\n\t\t\t\t<\/div>\n\t\t\t\t<div class=\"elementor-element elementor-element-de83340 elementor-repeater-item-none elementor-repeater-item-none_hover elementor-widget elementor-widget-menu-anchor\" data-id=\"de83340\" data-element_type=\"widget\" data-e-type=\"widget\" data-widget_type=\"menu-anchor.default\">\n\t\t\t\t<div class=\"elementor-widget-container\">\n\t\t\t\t\t\t\t<div class=\"elementor-menu-anchor\" id=\"flyer\"><\/div>\n\t\t\t\t\t\t<\/div>\n\t\t\t\t<\/div>\n\t\t\t\t<section class=\"elementor-section elementor-inner-section elementor-element elementor-element-7c2d71b elementor-section-boxed ang-section-padding-initial elementor-section-height-default elementor-section-height-default elementor-repeater-item-none elementor-repeater-item-none_hover\" data-id=\"7c2d71b\" data-element_type=\"section\" data-e-type=\"section\">\n\t\t\t\t\t\t<div class=\"elementor-container elementor-column-gap-default\">\n\t\t\t\t\t<div class=\"elementor-column elementor-col-25 elementor-inner-column elementor-element elementor-element-a93df9e elementor-repeater-item-none elementor-repeater-item-none_hover\" data-id=\"a93df9e\" data-element_type=\"column\" data-e-type=\"column\">\n\t\t\t<div class=\"elementor-widget-wrap elementor-element-populated\">\n\t\t\t\t\t\t<div class=\"elementor-element elementor-element-a59f2db external_elementor-repeater-item-none_external elementor-repeater-item-none elementor-repeater-item-none_hover elementor-widget elementor-widget-image\" data-id=\"a59f2db\" data-element_type=\"widget\" data-e-type=\"widget\" data-widget_type=\"image.default\">\n\t\t\t\t<div class=\"elementor-widget-container\">\n\t\t\t\t\t\t\t\t\t\t\t\t\t\t\t\t<a href=\"https:\/\/ufcq.com.pt\/wp-usc\/wp-content\/uploads\/2020\/10\/dgs_uscqal-1.jpg\" data-elementor-open-lightbox=\"yes\" data-elementor-lightbox-title=\"dgs_uscqal (1)\" data-e-action-hash=\"#elementor-action%3Aaction%3Dlightbox%26settings%3DeyJpZCI6MTEzOSwidXJsIjoiaHR0cHM6XC9cL3VmY3EuY29tLnB0XC93cC11c2NcL3dwLWNvbnRlbnRcL3VwbG9hZHNcLzIwMjBcLzEwXC9kZ3NfdXNjcWFsLTEuanBnIn0%3D\">\n\t\t\t\t\t\t\t<img decoding=\"async\" width=\"732\" height=\"1024\" src=\"https:\/\/ufcq.com.pt\/wp-usc\/wp-content\/uploads\/2020\/10\/dgs_uscqal-1-732x1024.jpg\" class=\"attachment-large size-large wp-image-1139\" alt=\"\" srcset=\"https:\/\/ufcq.com.pt\/wp-usc\/wp-content\/uploads\/2020\/10\/dgs_uscqal-1-732x1024.jpg 732w, https:\/\/ufcq.com.pt\/wp-usc\/wp-content\/uploads\/2020\/10\/dgs_uscqal-1-214x300.jpg 214w, https:\/\/ufcq.com.pt\/wp-usc\/wp-content\/uploads\/2020\/10\/dgs_uscqal-1-768x1075.jpg 768w, https:\/\/ufcq.com.pt\/wp-usc\/wp-content\/uploads\/2020\/10\/dgs_uscqal-1.jpg 1024w\" sizes=\"(max-width: 732px) 100vw, 732px\" \/>\t\t\t\t\t\t\t\t<\/a>\n\t\t\t\t\t\t\t\t\t\t\t\t\t\t\t<\/div>\n\t\t\t\t<\/div>\n\t\t\t\t\t<\/div>\n\t\t<\/div>\n\t\t\t\t<div class=\"elementor-column elementor-col-25 elementor-inner-column elementor-element elementor-element-27ce668 elementor-repeater-item-none elementor-repeater-item-none_hover\" data-id=\"27ce668\" data-element_type=\"column\" data-e-type=\"column\">\n\t\t\t<div class=\"elementor-widget-wrap elementor-element-populated\">\n\t\t\t\t\t\t<div class=\"elementor-element elementor-element-c12663d external_elementor-repeater-item-none_external elementor-repeater-item-none elementor-repeater-item-none_hover elementor-widget elementor-widget-image\" data-id=\"c12663d\" data-element_type=\"widget\" data-e-type=\"widget\" data-widget_type=\"image.default\">\n\t\t\t\t<div class=\"elementor-widget-container\">\n\t\t\t\t\t\t\t\t\t\t\t\t\t\t\t\t<a href=\"https:\/\/ufcq.com.pt\/wp-usc\/wp-content\/uploads\/2020\/10\/dgs_uscqal2-1.jpeg\" data-elementor-open-lightbox=\"yes\" data-elementor-lightbox-title=\"dgs_uscqal2 (1)\" data-e-action-hash=\"#elementor-action%3Aaction%3Dlightbox%26settings%3DeyJpZCI6MTE0NywidXJsIjoiaHR0cHM6XC9cL3VmY3EuY29tLnB0XC93cC11c2NcL3dwLWNvbnRlbnRcL3VwbG9hZHNcLzIwMjBcLzEwXC9kZ3NfdXNjcWFsMi0xLmpwZWcifQ%3D%3D\">\n\t\t\t\t\t\t\t<img decoding=\"async\" width=\"615\" height=\"878\" src=\"https:\/\/ufcq.com.pt\/wp-usc\/wp-content\/uploads\/2020\/10\/dgs_uscqal2-1.jpeg\" class=\"attachment-large size-large wp-image-1147\" alt=\"\" srcset=\"https:\/\/ufcq.com.pt\/wp-usc\/wp-content\/uploads\/2020\/10\/dgs_uscqal2-1.jpeg 615w, https:\/\/ufcq.com.pt\/wp-usc\/wp-content\/uploads\/2020\/10\/dgs_uscqal2-1-210x300.jpeg 210w\" sizes=\"(max-width: 615px) 100vw, 615px\" \/>\t\t\t\t\t\t\t\t<\/a>\n\t\t\t\t\t\t\t\t\t\t\t\t\t\t\t<\/div>\n\t\t\t\t<\/div>\n\t\t\t\t\t<\/div>\n\t\t<\/div>\n\t\t\t\t<div class=\"elementor-column elementor-col-25 elementor-inner-column elementor-element elementor-element-d0f0162 elementor-repeater-item-none elementor-repeater-item-none_hover\" data-id=\"d0f0162\" data-element_type=\"column\" data-e-type=\"column\">\n\t\t\t<div class=\"elementor-widget-wrap elementor-element-populated\">\n\t\t\t\t\t\t<div class=\"elementor-element elementor-element-b1a746c external_elementor-repeater-item-none_external elementor-repeater-item-none elementor-repeater-item-none_hover elementor-widget elementor-widget-image\" data-id=\"b1a746c\" data-element_type=\"widget\" data-e-type=\"widget\" data-widget_type=\"image.default\">\n\t\t\t\t<div class=\"elementor-widget-container\">\n\t\t\t\t\t\t\t\t\t\t\t\t\t\t\t\t<a href=\"https:\/\/ufcq.com.pt\/wp-usc\/wp-content\/uploads\/2020\/10\/dgs_uscqal-3-1.png\" data-elementor-open-lightbox=\"yes\" data-elementor-lightbox-title=\"dgs_uscqal-3 (1)\" data-e-action-hash=\"#elementor-action%3Aaction%3Dlightbox%26settings%3DeyJpZCI6MTE0OSwidXJsIjoiaHR0cHM6XC9cL3VmY3EuY29tLnB0XC93cC11c2NcL3dwLWNvbnRlbnRcL3VwbG9hZHNcLzIwMjBcLzEwXC9kZ3NfdXNjcWFsLTMtMS5wbmcifQ%3D%3D\">\n\t\t\t\t\t\t\t<img loading=\"lazy\" decoding=\"async\" width=\"512\" height=\"512\" src=\"https:\/\/ufcq.com.pt\/wp-usc\/wp-content\/uploads\/2020\/10\/dgs_uscqal-3-1.png\" class=\"attachment-large size-large wp-image-1149\" alt=\"\" srcset=\"https:\/\/ufcq.com.pt\/wp-usc\/wp-content\/uploads\/2020\/10\/dgs_uscqal-3-1.png 512w, https:\/\/ufcq.com.pt\/wp-usc\/wp-content\/uploads\/2020\/10\/dgs_uscqal-3-1-300x300.png 300w, https:\/\/ufcq.com.pt\/wp-usc\/wp-content\/uploads\/2020\/10\/dgs_uscqal-3-1-150x150.png 150w\" sizes=\"(max-width: 512px) 100vw, 512px\" \/>\t\t\t\t\t\t\t\t<\/a>\n\t\t\t\t\t\t\t\t\t\t\t\t\t\t\t<\/div>\n\t\t\t\t<\/div>\n\t\t\t\t\t<\/div>\n\t\t<\/div>\n\t\t\t\t<div class=\"elementor-column elementor-col-25 elementor-inner-column elementor-element elementor-element-fa3a975 elementor-repeater-item-none elementor-repeater-item-none_hover\" data-id=\"fa3a975\" data-element_type=\"column\" data-e-type=\"column\">\n\t\t\t<div class=\"elementor-widget-wrap elementor-element-populated\">\n\t\t\t\t\t\t<div class=\"elementor-element elementor-element-d28e7e6 external_elementor-repeater-item-none_external elementor-repeater-item-none elementor-repeater-item-none_hover elementor-widget elementor-widget-image\" data-id=\"d28e7e6\" data-element_type=\"widget\" data-e-type=\"widget\" data-widget_type=\"image.default\">\n\t\t\t\t<div class=\"elementor-widget-container\">\n\t\t\t\t\t\t\t\t\t\t\t\t\t\t\t\t<a href=\"https:\/\/ufcq.com.pt\/wp-usc\/wp-content\/uploads\/2020\/10\/dgs_uscqal_4-1.png\" data-elementor-open-lightbox=\"yes\" data-elementor-lightbox-title=\"dgs_uscqal_4 (1)\" data-e-action-hash=\"#elementor-action%3Aaction%3Dlightbox%26settings%3DeyJpZCI6MTE1MCwidXJsIjoiaHR0cHM6XC9cL3VmY3EuY29tLnB0XC93cC11c2NcL3dwLWNvbnRlbnRcL3VwbG9hZHNcLzIwMjBcLzEwXC9kZ3NfdXNjcWFsXzQtMS5wbmcifQ%3D%3D\">\n\t\t\t\t\t\t\t<img loading=\"lazy\" decoding=\"async\" width=\"700\" height=\"990\" src=\"https:\/\/ufcq.com.pt\/wp-usc\/wp-content\/uploads\/2020\/10\/dgs_uscqal_4-1.png\" class=\"attachment-large size-large wp-image-1150\" alt=\"\" srcset=\"https:\/\/ufcq.com.pt\/wp-usc\/wp-content\/uploads\/2020\/10\/dgs_uscqal_4-1.png 700w, https:\/\/ufcq.com.pt\/wp-usc\/wp-content\/uploads\/2020\/10\/dgs_uscqal_4-1-212x300.png 212w\" sizes=\"(max-width: 700px) 100vw, 700px\" \/>\t\t\t\t\t\t\t\t<\/a>\n\t\t\t\t\t\t\t\t\t\t\t\t\t\t\t<\/div>\n\t\t\t\t<\/div>\n\t\t\t\t\t<\/div>\n\t\t<\/div>\n\t\t\t\t\t<\/div>\n\t\t<\/section>\n\t\t\t\t<div class=\"elementor-element elementor-element-d942466 elementor-repeater-item-none elementor-repeater-item-none_hover elementor-widget elementor-widget-text-editor\" data-id=\"d942466\" data-element_type=\"widget\" data-e-type=\"widget\" data-widget_type=\"text-editor.default\">\n\t\t\t\t<div class=\"elementor-widget-container\">\n\t\t\t\t\t\t\t\t\t<p><b>A SA\u00daDE PSICOL\u00d3GICA EM TEMPOS DE PANDEMIA<\/b><\/p><p style=\"font-weight: 400;\">Os confinamentos sucessivos e o agravamento da situa\u00e7\u00e3o de crise (pand\u00e9mica e socioecon\u00f3mica) que vivemos t\u00eam provocado fortes impactos na sa\u00fade psicol\u00f3gica das pessoas. Estudos indicam que cerca de metade dos portugueses ter\u00e1 sofrido impactos psicol\u00f3gicos moderados ou severos e, de acordo com o Instituto Nacional Ricardo Jorge, sete em cada dez portugueses que estiveram em quarentena acusaram sofrimento psicol\u00f3gico.<\/p><p>Para ajudar a minimizar estes impactos, a Ordem dos Psic\u00f3logos elaborou um documento com um conjunto de medidas destinadas a ajudar as pessoas a lidar com a atual situa\u00e7\u00e3o. Para consultar este documento carregue no\u00a0<a style=\"font-size: 15px; background-color: #eeeaf0;\" href=\"http:\/\/mkt.ordemdospsicologos.pt\/go\/6f6-0f0be48a94f92a5d-3-a4-da9ad82-49d8403ef703b8-519eWe16M0eOGIKewqe8Cq0F\" target=\"_blank\" rel=\"noopener\"><b>link<\/b><\/a><\/p>\t\t\t\t\t\t\t\t<\/div>\n\t\t\t\t<\/div>\n\t\t\t\t<div class=\"elementor-element elementor-element-167dad0 elementor-repeater-item-none elementor-repeater-item-none_hover elementor-widget elementor-widget-heading\" data-id=\"167dad0\" data-element_type=\"widget\" data-e-type=\"widget\" data-widget_type=\"heading.default\">\n\t\t\t\t<div class=\"elementor-widget-container\">\n\t\t\t\t\t<h2 class=\"elementor-heading-title elementor-size-default\">MEDIDAS POL\u00cdTICAS DE COMBATE AO COVID-19<\/h2>\t\t\t\t<\/div>\n\t\t\t\t<\/div>\n\t\t\t\t<div class=\"elementor-element elementor-element-c261ce6 elementor-repeater-item-none elementor-repeater-item-none_hover elementor-widget elementor-widget-text-editor\" data-id=\"c261ce6\" data-element_type=\"widget\" data-e-type=\"widget\" data-widget_type=\"text-editor.default\">\n\t\t\t\t<div class=\"elementor-widget-container\">\n\t\t\t\t\t\t\t\t\t<p><span style=\"font-size: 16px;\">O agravamento sucessivo da situa\u00e7\u00e3o epidemiol\u00f3gica em Portugal provocada pelo SARS-Cov. 2 tem levado o governo a tomar um conjunto de medidas de car\u00e1cter restritivo para fazer face ao estado atual da doen\u00e7a Covid-19 e procurar inverter o seu crescimento acelerado. Estas medidas encontram-se sustentadas e legitimadas pelo Decreto do Presidente da Rep\u00fablica n.\u00ba 51-U\/2020, de 6 de novembro, que declarou o estado de emerg\u00eancia, com fundamento na verifica\u00e7\u00e3o de uma situa\u00e7\u00e3o de calamidade p\u00fablica, tendo o mesmo vindo a ser renovado sucessivas vezes, a \u00faltima das quais pelo Decreto do Presidente da Rep\u00fablica n.\u00ba 6- B\/2021, de 13 de janeiro. Este estado de emerg\u00eancia vigora at\u00e9 \u00e0s 23h59 do dia 30 de janeiro, prevendo-se a sua renova\u00e7\u00e3o. Para consultar estes diplomas, bem como aqueles que procedem \u00e0 sua execu\u00e7\u00e3o por parte do governo, carregue nos respectivos links em \u201cLEGISLA\u00c7\u00c3O RELEVANTE\u201d.<\/span><\/p>\t\t\t\t\t\t\t\t<\/div>\n\t\t\t\t<\/div>\n\t\t\t\t<div class=\"elementor-element elementor-element-38d7456 elementor-repeater-item-none elementor-repeater-item-none_hover elementor-widget elementor-widget-heading\" data-id=\"38d7456\" data-element_type=\"widget\" data-e-type=\"widget\" data-widget_type=\"heading.default\">\n\t\t\t\t<div class=\"elementor-widget-container\">\n\t\t\t\t\t<h2 class=\"elementor-heading-title elementor-size-default\">DOCUMENTOS RELEVANTES<\/h2>\t\t\t\t<\/div>\n\t\t\t\t<\/div>\n\t\t\t\t<div class=\"elementor-element elementor-element-69c7e99 elementor-repeater-item-none elementor-repeater-item-none_hover elementor-widget elementor-widget-text-editor\" data-id=\"69c7e99\" data-element_type=\"widget\" data-e-type=\"widget\" data-widget_type=\"text-editor.default\">\n\t\t\t\t<div class=\"elementor-widget-container\">\n\t\t\t\t\t\t\t\t\t<p><b>&#8211; Plano de Conting\u00eancia COVID \u2013 USCQAL <span style=\"font-size: 15px; font-style: normal; font-weight: bold;\">(<\/span><a style=\"font-size: 15px; font-style: normal; font-weight: bold; background-color: #ffffff;\" href=\"https:\/\/ufcq.com.pt\/wp-usc\/wp-content\/uploads\/2020\/10\/Plano_Contingencia_USCQAL.pdf\">link<\/a><span style=\"font-size: 15px; font-style: normal; font-weight: bold;\">)<\/span><b style=\"font-style: inherit;\">\u00a0<\/b>&#8211; <\/b>apresenta as regras e procedimentos a adotar na Universidade S\u00e9nior de Carnaxide e Queijas, Aprendizagem e Lazer tendo em conta os riscos associados \u00e0 infe\u00e7\u00e3o por SARS-CoV-2 de que resulta a doen\u00e7a conhecida por COVID-19.<br \/><b>&#8211; Plano de Conting\u00eancia estabelecido pela RUTIS<\/b> <b>(Associa\u00e7\u00e3o Rede de Universidades da Terceira Idade)\u00a0<\/b><span style=\"font-size: 15px; font-style: normal; font-weight: bold;\">(<\/span><a href=\"https:\/\/ufcq.com.pt\/wp-usc\/wp-content\/uploads\/2020\/10\/Plano_ContigenciaRUTIS.pdf\"><b>link<\/b><\/a><span style=\"font-size: 15px; font-style: normal; font-weight: bold;\">) &#8211;\u00a0<\/span><span style=\"font-size: 15px;\">parceria com a Escola Superior de Sa\u00fade de Bragan\u00e7a para as Universidades Seniores (US) e com a Autoridade Nacional de Emerg\u00eancia e Prote\u00e7\u00e3o Civil.<\/span><\/p><p><b>&#8211; Referencial Escolas\u00a0<\/b><span style=\"font-size: 15px; font-style: normal; font-weight: bold;\">(<\/span><a style=\"font-size: 15px; font-style: normal; font-weight: bold; background-color: #ffffff;\" href=\"https:\/\/ufcq.com.pt\/wp-usc\/wp-content\/uploads\/2020\/10\/Referencial_Escolas.pdf\">link<\/a><span style=\"font-size: 15px; font-style: normal; font-weight: bold;\">)<\/span><b style=\"font-style: inherit;\">\u00a0<\/b><b style=\"font-style: inherit;\">&#8211; <\/b><span style=\"font-style: inherit;\">c<\/span><span style=\"font-size: 15px;\">ontrolo da transmiss\u00e3o do Covid 19 em contexto escolar.<\/span><span style=\"font-size: 15px;\">\u00a0<\/span><\/p><p><b>&#8211; Plano da Sa\u00fade para o Outono-Inverno 2020-21\u00a0<\/b><span style=\"font-size: 15px; font-style: normal; font-weight: bold;\">(<\/span><a style=\"font-size: 15px; font-style: normal; font-weight: bold; background-color: #ffffff;\" href=\"https:\/\/ufcq.com.pt\/wp-usc\/wp-content\/uploads\/2020\/10\/PLANO-DA-SAUDE-PARA-O-OUTONO-INVERNO-2020-21.pdf\">link<\/a><span style=\"font-size: 15px; font-style: normal; font-weight: bold;\">)\u00a0<\/span><span style=\"font-size: 15px;\"><b>&#8211; <\/b>identifica os desafios, define os objetivos e finalidade e fixa os dom\u00ednios estrat\u00e9gicos de atua\u00e7\u00e3o para a resposta \u00e0s necessidades de sa\u00fade da popula\u00e7\u00e3o em Portugal, enquadrando, numa matriz comum, a implementa\u00e7\u00e3o de medidas de \u00e2mbito nacional, regional, local e de proximidade, imprescind\u00edveis na resposta \u00e0 diversidade de realidades concretas, no contexto da pandemia de COVID-19.<\/span><\/p><p><b>&#8211; Flyers sobre medidas de preven\u00e7\u00e3o\u00a0<\/b><span style=\"font-size: 15px; font-style: normal; font-weight: bold;\">(<\/span><span style=\"font-size: 15px; font-style: normal; font-weight: bold; background-color: #ffffff; color: #135e69;\"><a href=\"https:\/\/ufcq.com.pt\/wp-usc\/covid-19\/#flyer\">link<\/a><\/span><span style=\"font-size: 15px; font-style: normal; font-weight: bold;\">)<\/span><\/p><p><b>&#8211; Flyer sobre diferen\u00e7as Covid- 19\/Gripe (<\/b><a href=\"https:\/\/ufcq.com.pt\/wp-usc\/wp-content\/uploads\/2020\/10\/diferencas-covid-gripe-scaled.jpg\" target=\"_blank\" rel=\"noopener\"><b>link<\/b><\/a><b>)<\/b><\/p>\t\t\t\t\t\t\t\t<\/div>\n\t\t\t\t<\/div>\n\t\t\t\t<div class=\"elementor-element elementor-element-de2853d elementor-hidden-desktop elementor-hidden-tablet elementor-hidden-phone elementor-repeater-item-none elementor-repeater-item-none_hover elementor-widget elementor-widget-heading\" data-id=\"de2853d\" data-element_type=\"widget\" data-e-type=\"widget\" data-widget_type=\"heading.default\">\n\t\t\t\t<div class=\"elementor-widget-container\">\n\t\t\t\t\t<h2 class=\"elementor-heading-title elementor-size-default\">LEGISLA\u00c7\u00c3O RELEVANTE<\/h2>\t\t\t\t<\/div>\n\t\t\t\t<\/div>\n\t\t\t\t<div class=\"elementor-element elementor-element-35b1ca9 elementor-hidden-desktop elementor-hidden-tablet elementor-hidden-phone elementor-repeater-item-none elementor-repeater-item-none_hover elementor-widget elementor-widget-text-editor\" data-id=\"35b1ca9\" data-element_type=\"widget\" data-e-type=\"widget\" data-widget_type=\"text-editor.default\">\n\t\t\t\t<div class=\"elementor-widget-container\">\n\t\t\t\t\t\t\t\t\t<p><b>&#8211; Decreto do Presidente da Rep\u00fablica n.\u00ba 51-U\/2020, de 6 de novembro (<\/b><a href=\"https:\/\/www.google.com\/url?sa=t&amp;rct=j&amp;q=&amp;esrc=s&amp;source=web&amp;cd=&amp;cad=rja&amp;uact=8&amp;ved=2ahUKEwjSxtCihrbuAhUO1hoKHVscCQoQFjAAegQIBBAC&amp;url=https%3A%2F%2Fdre.pt%2Fpesquisa%2F-%2Fsearch%2F147933283%2Fdetails%2Fmaximized&amp;usg=AOvVaw3voaByttxYRIWjOX2jfh9o\" target=\"_blank\" rel=\"noopener\"><b>link<\/b><\/a><b>) &#8211; <\/b>declara o\u00a0<span style=\"font-size: 15px;\">estado de emerg\u00eancia, com fundamento na\u00a0 verifica\u00e7\u00e3o de uma situa\u00e7\u00e3o de calamidade\u00a0<\/span><span style=\"font-size: 15px;\">p\u00fablica, tendo o mesmo vindo a ser renovado sucessivas vezes, a \u00faltima das quais pelo<\/span><\/p><p>Decreto do Presidente da Rep\u00fablica n.\u00ba 6-B\/2021, de 13 de janeiro.<\/p><p><b>&#8211; Decreto n.\u00ba 3-A\/2021, de 14 de janeiro, da Presid\u00eancia do Conselho de Ministros (<a href=\"https:\/\/www.google.com\/url?sa=t&amp;rct=j&amp;q=&amp;esrc=s&amp;source=web&amp;cd=&amp;cad=rja&amp;uact=8&amp;ved=2ahUKEwjJkJjQhrbuAhURrxoKHfu7BX8QFjAAegQIBhAC&amp;url=https%3A%2F%2Fdre.pt%2Fhome%2F-%2Fdre%2F153959843%2Fdetails%2Fmaximized&amp;usg=AOvVaw1lOZLthDbHcoxIsf6K76i6\">link<\/a>) &#8211;\u00a0<\/b><span style=\"font-size: 15px;\">regulamenta a modifica\u00e7\u00e3o e prorroga\u00e7\u00e3o do estado de emerg\u00eancia efetuada pelo Decreto do\u00a0<\/span><span style=\"font-size: 15px;\">Presidente da Rep\u00fablica n.\u00ba 6 -B\/2021, de 13 de janeiro, at\u00e9 ao dia 30 de janeiro.<\/span><\/p><p><b>&#8211; Decreto n.\u00ba 3-B\/2021, de 19 de janeiro, da Presid\u00eancia do Conselho de Ministros (<a href=\"https:\/\/www.google.com\/url?sa=t&amp;rct=j&amp;q=&amp;esrc=s&amp;source=web&amp;cd=&amp;cad=rja&amp;uact=8&amp;ved=2ahUKEwjamNn1hrbuAhUOxYUKHS76DgkQFjAAegQIAxAC&amp;url=https%3A%2F%2Fdre.pt%2Fhome%2F-%2Fdre%2F154483156%2Fdetails%2Fmaximized&amp;usg=AOvVaw3cUjl5_Mt60QOEdtGir9CQ\">link<\/a>) &#8211;\u00a0<\/b><span style=\"font-size: 15px;\">procede \u00e0 primeira altera\u00e7\u00e3o ao Decreto n.\u00ba 3-A\/2021, de 14 de janeiro, que regulamenta o\u00a0<\/span><span style=\"font-size: 15px;\">estado de emerg\u00eancia decretado pelo Presidente da Rep\u00fablica.<\/span><\/p><p><b>&#8211; Decreto n.\u00ba 3-C\/2021, de 22 de janeiro, da Presid\u00eancia do Conselho de Ministros (<a href=\"https:\/\/www.google.com\/url?sa=t&amp;rct=j&amp;q=&amp;esrc=s&amp;source=web&amp;cd=&amp;cad=rja&amp;uact=8&amp;ved=2ahUKEwiFmsWXh7buAhUJmRoKHeuQADsQFjAAegQIAxAC&amp;url=https%3A%2F%2Fdre.pt%2Fhome%2F-%2Fdre%2F154946853%2Fdetails%2Fmaximized&amp;usg=AOvVaw0zcQAmhe5oTS9JVGm1o0aN\">link<\/a>) &#8211;\u00a0<\/b><span style=\"font-size: 15px;\">procede \u00e0 segunda altera\u00e7\u00e3o ao Decreto n.\u00ba 3-A\/2021, de 14 de janeiro, alterado pelo Decreto\u00a0<\/span><span style=\"font-size: 15px;\">n.\u00ba 3-B\/2021, de 19 de janeiro, que regulamenta o estado de emerg\u00eancia decretado pelo\u00a0<\/span><span style=\"font-size: 15px;\">Presidente da Rep\u00fablica.<\/span><\/p><p><span style=\"font-size: 15px;\">\u00a0<\/span><\/p><p>\u00a0<\/p>\t\t\t\t\t\t\t\t<\/div>\n\t\t\t\t<\/div>\n\t\t\t\t\t<\/div>\n\t\t<\/div>\n\t\t\t\t\t<\/div>\n\t\t<\/section>\n\t\t\t\t<\/div>\n\t\t","protected":false},"excerpt":{"rendered":"<p>Covid-19 Covid-19 SARS-COV-2 SOBRE O COVID-19 E O SARS-COV-2 Esta \u00e1rea tem como objectivo manter informados e atualizados os professores e alunos da USCQAL sobre a doen\u00e7a provocada pelo novo coronav\u00edrus SARS-COV-2. Assim, para al\u00e9m da resposta a algumas quest\u00f5es que frequentemente se nos colocam, procuraremos manter actualizada toda a informa\u00e7\u00e3o e legisla\u00e7\u00e3o considerada relevante [&hellip;]<\/p>\n","protected":false},"author":1,"featured_media":0,"parent":0,"menu_order":0,"comment_status":"closed","ping_status":"closed","template":"","meta":{"site-sidebar-layout":"no-sidebar","site-content-layout":"page-builder","ast-site-content-layout":"","site-content-style":"default","site-sidebar-style":"default","ast-global-header-display":"","ast-banner-title-visibility":"","ast-main-header-display":"","ast-hfb-above-header-display":"","ast-hfb-below-header-display":"","ast-hfb-mobile-header-display":"","site-post-title":"disabled","ast-breadcrumbs-content":"disabled","ast-featured-img":"disabled","footer-sml-layout":"","theme-transparent-header-meta":"enabled","adv-header-id-meta":"","stick-header-meta":"","header-above-stick-meta":"","header-main-stick-meta":"","header-below-stick-meta":"","astra-migrate-meta-layouts":"default","ast-page-background-enabled":"default","ast-page-background-meta":{"desktop":{"background-color":"","background-image":"","background-repeat":"repeat","background-position":"center center","background-size":"auto","background-attachment":"scroll","background-type":"","background-media":"","overlay-type":"","overlay-color":"","overlay-opacity":"","overlay-gradient":""},"tablet":{"background-color":"","background-image":"","background-repeat":"repeat","background-position":"center center","background-size":"auto","background-attachment":"scroll","background-type":"","background-media":"","overlay-type":"","overlay-color":"","overlay-opacity":"","overlay-gradient":""},"mobile":{"background-color":"","background-image":"","background-repeat":"repeat","background-position":"center center","background-size":"auto","background-attachment":"scroll","background-type":"","background-media":"","overlay-type":"","overlay-color":"","overlay-opacity":"","overlay-gradient":""}},"ast-content-background-meta":{"desktop":{"background-color":"var(--ast-global-color-5)","background-image":"","background-repeat":"repeat","background-position":"center center","background-size":"auto","background-attachment":"scroll","background-type":"","background-media":"","overlay-type":"","overlay-color":"","overlay-opacity":"","overlay-gradient":""},"tablet":{"background-color":"var(--ast-global-color-5)","background-image":"","background-repeat":"repeat","background-position":"center center","background-size":"auto","background-attachment":"scroll","background-type":"","background-media":"","overlay-type":"","overlay-color":"","overlay-opacity":"","overlay-gradient":""},"mobile":{"background-color":"var(--ast-global-color-5)","background-image":"","background-repeat":"repeat","background-position":"center center","background-size":"auto","background-attachment":"scroll","background-type":"","background-media":"","overlay-type":"","overlay-color":"","overlay-opacity":"","overlay-gradient":""}},"footnotes":""},"class_list":["post-1121","page","type-page","status-publish","hentry"],"yoast_head":"<!-- This site is optimized with the Yoast SEO plugin v26.8 - https:\/\/yoast.com\/product\/yoast-seo-wordpress\/ -->\n<title>Covid-19 - USCQAL<\/title>\n<meta name=\"description\" content=\"Temos mais de 70 disciplinas, das mais diversas \u00e1reas do conhecimento, tanto com componente pr\u00e1tica como mais te\u00f3ricas.\" \/>\n<meta name=\"robots\" content=\"index, follow, max-snippet:-1, max-image-preview:large, max-video-preview:-1\" \/>\n<link rel=\"canonical\" href=\"https:\/\/ufcq.com.pt\/wp-usc\/covid-19\/\" \/>\n<meta property=\"og:locale\" content=\"pt_PT\" \/>\n<meta property=\"og:type\" content=\"article\" \/>\n<meta property=\"og:title\" content=\"Covid-19 - USCQAL\" \/>\n<meta property=\"og:description\" content=\"Temos mais de 70 disciplinas, das mais diversas \u00e1reas do conhecimento, tanto com componente pr\u00e1tica como mais te\u00f3ricas.\" \/>\n<meta property=\"og:url\" content=\"https:\/\/ufcq.com.pt\/wp-usc\/covid-19\/\" \/>\n<meta property=\"og:site_name\" content=\"USCQAL\" \/>\n<meta property=\"article:modified_time\" content=\"2022-06-21T18:33:15+00:00\" \/>\n<meta property=\"og:image\" content=\"https:\/\/ufcq.com.pt\/wp-usc\/wp-content\/uploads\/2020\/10\/dgs_uscqal-1-732x1024.jpg\" \/>\n<meta name=\"twitter:card\" content=\"summary_large_image\" \/>\n<meta name=\"twitter:label1\" content=\"Tempo estimado de leitura\" \/>\n\t<meta name=\"twitter:data1\" content=\"13 minutos\" \/>\n<script type=\"application\/ld+json\" class=\"yoast-schema-graph\">{\"@context\":\"https:\/\/schema.org\",\"@graph\":[{\"@type\":\"WebPage\",\"@id\":\"https:\/\/ufcq.com.pt\/wp-usc\/covid-19\/\",\"url\":\"https:\/\/ufcq.com.pt\/wp-usc\/covid-19\/\",\"name\":\"Covid-19 - USCQAL\",\"isPartOf\":{\"@id\":\"https:\/\/ufcq.com.pt\/wp-usc\/#website\"},\"primaryImageOfPage\":{\"@id\":\"https:\/\/ufcq.com.pt\/wp-usc\/covid-19\/#primaryimage\"},\"image\":{\"@id\":\"https:\/\/ufcq.com.pt\/wp-usc\/covid-19\/#primaryimage\"},\"thumbnailUrl\":\"https:\/\/ufcq.com.pt\/wp-usc\/wp-content\/uploads\/2020\/10\/dgs_uscqal-1-732x1024.jpg\",\"datePublished\":\"2020-10-17T21:17:56+00:00\",\"dateModified\":\"2022-06-21T18:33:15+00:00\",\"description\":\"Temos mais de 70 disciplinas, das mais diversas \u00e1reas do conhecimento, tanto com componente pr\u00e1tica como mais te\u00f3ricas.\",\"breadcrumb\":{\"@id\":\"https:\/\/ufcq.com.pt\/wp-usc\/covid-19\/#breadcrumb\"},\"inLanguage\":\"pt-PT\",\"potentialAction\":[{\"@type\":\"ReadAction\",\"target\":[\"https:\/\/ufcq.com.pt\/wp-usc\/covid-19\/\"]}]},{\"@type\":\"ImageObject\",\"inLanguage\":\"pt-PT\",\"@id\":\"https:\/\/ufcq.com.pt\/wp-usc\/covid-19\/#primaryimage\",\"url\":\"https:\/\/ufcq.com.pt\/wp-usc\/wp-content\/uploads\/2020\/10\/dgs_uscqal-1.jpg\",\"contentUrl\":\"https:\/\/ufcq.com.pt\/wp-usc\/wp-content\/uploads\/2020\/10\/dgs_uscqal-1.jpg\",\"width\":1024,\"height\":1433},{\"@type\":\"BreadcrumbList\",\"@id\":\"https:\/\/ufcq.com.pt\/wp-usc\/covid-19\/#breadcrumb\",\"itemListElement\":[{\"@type\":\"ListItem\",\"position\":1,\"name\":\"In\u00edcio\",\"item\":\"https:\/\/ufcq.com.pt\/wp-usc\/\"},{\"@type\":\"ListItem\",\"position\":2,\"name\":\"Covid-19\"}]},{\"@type\":\"WebSite\",\"@id\":\"https:\/\/ufcq.com.pt\/wp-usc\/#website\",\"url\":\"https:\/\/ufcq.com.pt\/wp-usc\/\",\"name\":\"USCQAL\",\"description\":\"Universidade S&eacute;nior de Carnaxide e Queijas\",\"publisher\":{\"@id\":\"https:\/\/ufcq.com.pt\/wp-usc\/#organization\"},\"potentialAction\":[{\"@type\":\"SearchAction\",\"target\":{\"@type\":\"EntryPoint\",\"urlTemplate\":\"https:\/\/ufcq.com.pt\/wp-usc\/?s={search_term_string}\"},\"query-input\":{\"@type\":\"PropertyValueSpecification\",\"valueRequired\":true,\"valueName\":\"search_term_string\"}}],\"inLanguage\":\"pt-PT\"},{\"@type\":\"Organization\",\"@id\":\"https:\/\/ufcq.com.pt\/wp-usc\/#organization\",\"name\":\"USCQAL\",\"url\":\"https:\/\/ufcq.com.pt\/wp-usc\/\",\"logo\":{\"@type\":\"ImageObject\",\"inLanguage\":\"pt-PT\",\"@id\":\"https:\/\/ufcq.com.pt\/wp-usc\/#\/schema\/logo\/image\/\",\"url\":\"https:\/\/ufcq.com.pt\/wp-usc\/wp-content\/uploads\/2020\/08\/cropped-logo-site-uscqal-1-1.png\",\"contentUrl\":\"https:\/\/ufcq.com.pt\/wp-usc\/wp-content\/uploads\/2020\/08\/cropped-logo-site-uscqal-1-1.png\",\"width\":494,\"height\":110,\"caption\":\"USCQAL\"},\"image\":{\"@id\":\"https:\/\/ufcq.com.pt\/wp-usc\/#\/schema\/logo\/image\/\"}}]}<\/script>\n<!-- \/ Yoast SEO plugin. -->","yoast_head_json":{"title":"Covid-19 - USCQAL","description":"Temos mais de 70 disciplinas, das mais diversas \u00e1reas do conhecimento, tanto com componente pr\u00e1tica como mais te\u00f3ricas.","robots":{"index":"index","follow":"follow","max-snippet":"max-snippet:-1","max-image-preview":"max-image-preview:large","max-video-preview":"max-video-preview:-1"},"canonical":"https:\/\/ufcq.com.pt\/wp-usc\/covid-19\/","og_locale":"pt_PT","og_type":"article","og_title":"Covid-19 - USCQAL","og_description":"Temos mais de 70 disciplinas, das mais diversas \u00e1reas do conhecimento, tanto com componente pr\u00e1tica como mais te\u00f3ricas.","og_url":"https:\/\/ufcq.com.pt\/wp-usc\/covid-19\/","og_site_name":"USCQAL","article_modified_time":"2022-06-21T18:33:15+00:00","og_image":[{"url":"https:\/\/ufcq.com.pt\/wp-usc\/wp-content\/uploads\/2020\/10\/dgs_uscqal-1-732x1024.jpg","type":"","width":"","height":""}],"twitter_card":"summary_large_image","twitter_misc":{"Tempo estimado de leitura":"13 minutos"},"schema":{"@context":"https:\/\/schema.org","@graph":[{"@type":"WebPage","@id":"https:\/\/ufcq.com.pt\/wp-usc\/covid-19\/","url":"https:\/\/ufcq.com.pt\/wp-usc\/covid-19\/","name":"Covid-19 - USCQAL","isPartOf":{"@id":"https:\/\/ufcq.com.pt\/wp-usc\/#website"},"primaryImageOfPage":{"@id":"https:\/\/ufcq.com.pt\/wp-usc\/covid-19\/#primaryimage"},"image":{"@id":"https:\/\/ufcq.com.pt\/wp-usc\/covid-19\/#primaryimage"},"thumbnailUrl":"https:\/\/ufcq.com.pt\/wp-usc\/wp-content\/uploads\/2020\/10\/dgs_uscqal-1-732x1024.jpg","datePublished":"2020-10-17T21:17:56+00:00","dateModified":"2022-06-21T18:33:15+00:00","description":"Temos mais de 70 disciplinas, das mais diversas \u00e1reas do conhecimento, tanto com componente pr\u00e1tica como mais te\u00f3ricas.","breadcrumb":{"@id":"https:\/\/ufcq.com.pt\/wp-usc\/covid-19\/#breadcrumb"},"inLanguage":"pt-PT","potentialAction":[{"@type":"ReadAction","target":["https:\/\/ufcq.com.pt\/wp-usc\/covid-19\/"]}]},{"@type":"ImageObject","inLanguage":"pt-PT","@id":"https:\/\/ufcq.com.pt\/wp-usc\/covid-19\/#primaryimage","url":"https:\/\/ufcq.com.pt\/wp-usc\/wp-content\/uploads\/2020\/10\/dgs_uscqal-1.jpg","contentUrl":"https:\/\/ufcq.com.pt\/wp-usc\/wp-content\/uploads\/2020\/10\/dgs_uscqal-1.jpg","width":1024,"height":1433},{"@type":"BreadcrumbList","@id":"https:\/\/ufcq.com.pt\/wp-usc\/covid-19\/#breadcrumb","itemListElement":[{"@type":"ListItem","position":1,"name":"In\u00edcio","item":"https:\/\/ufcq.com.pt\/wp-usc\/"},{"@type":"ListItem","position":2,"name":"Covid-19"}]},{"@type":"WebSite","@id":"https:\/\/ufcq.com.pt\/wp-usc\/#website","url":"https:\/\/ufcq.com.pt\/wp-usc\/","name":"USCQAL","description":"Universidade S&eacute;nior de Carnaxide e Queijas","publisher":{"@id":"https:\/\/ufcq.com.pt\/wp-usc\/#organization"},"potentialAction":[{"@type":"SearchAction","target":{"@type":"EntryPoint","urlTemplate":"https:\/\/ufcq.com.pt\/wp-usc\/?s={search_term_string}"},"query-input":{"@type":"PropertyValueSpecification","valueRequired":true,"valueName":"search_term_string"}}],"inLanguage":"pt-PT"},{"@type":"Organization","@id":"https:\/\/ufcq.com.pt\/wp-usc\/#organization","name":"USCQAL","url":"https:\/\/ufcq.com.pt\/wp-usc\/","logo":{"@type":"ImageObject","inLanguage":"pt-PT","@id":"https:\/\/ufcq.com.pt\/wp-usc\/#\/schema\/logo\/image\/","url":"https:\/\/ufcq.com.pt\/wp-usc\/wp-content\/uploads\/2020\/08\/cropped-logo-site-uscqal-1-1.png","contentUrl":"https:\/\/ufcq.com.pt\/wp-usc\/wp-content\/uploads\/2020\/08\/cropped-logo-site-uscqal-1-1.png","width":494,"height":110,"caption":"USCQAL"},"image":{"@id":"https:\/\/ufcq.com.pt\/wp-usc\/#\/schema\/logo\/image\/"}}]}},"_links":{"self":[{"href":"https:\/\/ufcq.com.pt\/wp-usc\/wp-json\/wp\/v2\/pages\/1121","targetHints":{"allow":["GET"]}}],"collection":[{"href":"https:\/\/ufcq.com.pt\/wp-usc\/wp-json\/wp\/v2\/pages"}],"about":[{"href":"https:\/\/ufcq.com.pt\/wp-usc\/wp-json\/wp\/v2\/types\/page"}],"author":[{"embeddable":true,"href":"https:\/\/ufcq.com.pt\/wp-usc\/wp-json\/wp\/v2\/users\/1"}],"replies":[{"embeddable":true,"href":"https:\/\/ufcq.com.pt\/wp-usc\/wp-json\/wp\/v2\/comments?post=1121"}],"version-history":[{"count":15,"href":"https:\/\/ufcq.com.pt\/wp-usc\/wp-json\/wp\/v2\/pages\/1121\/revisions"}],"predecessor-version":[{"id":2084,"href":"https:\/\/ufcq.com.pt\/wp-usc\/wp-json\/wp\/v2\/pages\/1121\/revisions\/2084"}],"wp:attachment":[{"href":"https:\/\/ufcq.com.pt\/wp-usc\/wp-json\/wp\/v2\/media?parent=1121"}],"curies":[{"name":"wp","href":"https:\/\/api.w.org\/{rel}","templated":true}]}}