{"id":943,"date":"2020-08-25T15:07:40","date_gmt":"2020-08-25T15:07:40","guid":{"rendered":"https:\/\/ufcq.com.pt\/wp-usc\/?page_id=943"},"modified":"2025-08-19T10:35:57","modified_gmt":"2025-08-19T10:35:57","slug":"horarios","status":"publish","type":"page","link":"https:\/\/ufcq.com.pt\/wp-usc\/horarios\/","title":{"rendered":"Hor\u00e1rios"},"content":{"rendered":"\t\t<div data-elementor-type=\"wp-page\" data-elementor-id=\"943\" class=\"elementor elementor-943\" data-elementor-post-type=\"page\">\n\t\t\t\t\t\t<section class=\"elementor-section elementor-top-section elementor-element elementor-element-fbd6343 elementor-section-boxed ang-section-padding-initial elementor-section-height-default elementor-section-height-default elementor-repeater-item-none elementor-repeater-item-none_hover\" data-id=\"fbd6343\" data-element_type=\"section\" data-e-type=\"section\" data-settings=\"{&quot;background_background&quot;:&quot;classic&quot;}\">\n\t\t\t\t\t\t\t<div class=\"elementor-background-overlay\"><\/div>\n\t\t\t\t\t\t\t<div class=\"elementor-container elementor-column-gap-no\">\n\t\t\t\t\t<div class=\"elementor-column elementor-col-100 elementor-top-column elementor-element elementor-element-cfbfd48 elementor-repeater-item-none elementor-repeater-item-none_hover\" data-id=\"cfbfd48\" data-element_type=\"column\" data-e-type=\"column\">\n\t\t\t<div class=\"elementor-widget-wrap elementor-element-populated\">\n\t\t\t\t\t\t<div class=\"elementor-element elementor-element-3c1950b elementor-widget__width-auto elementor-repeater-item-none elementor-repeater-item-none_hover elementor-widget elementor-widget-heading\" data-id=\"3c1950b\" data-element_type=\"widget\" data-e-type=\"widget\" data-widget_type=\"heading.default\">\n\t\t\t\t<div class=\"elementor-widget-container\">\n\t\t\t\t\t<h1 class=\"elementor-heading-title elementor-size-default\">Hor\u00e1rios<\/h1>\t\t\t\t<\/div>\n\t\t\t\t<\/div>\n\t\t\t\t<div class=\"elementor-element elementor-element-69057c9 elementor-repeater-item-none elementor-repeater-item-none_hover elementor-widget elementor-widget-menu-anchor\" data-id=\"69057c9\" data-element_type=\"widget\" data-e-type=\"widget\" data-widget_type=\"menu-anchor.default\">\n\t\t\t\t<div class=\"elementor-widget-container\">\n\t\t\t\t\t\t\t<div class=\"elementor-menu-anchor\" id=\"horariosede\"><\/div>\n\t\t\t\t\t\t<\/div>\n\t\t\t\t<\/div>\n\t\t\t\t\t<\/div>\n\t\t<\/div>\n\t\t\t\t\t<\/div>\n\t\t<\/section>\n\t\t\t\t<section class=\"elementor-section elementor-top-section elementor-element elementor-element-b3695ee elementor-section-boxed ang-section-padding-initial elementor-section-height-default elementor-section-height-default elementor-repeater-item-none elementor-repeater-item-none_hover\" data-id=\"b3695ee\" data-element_type=\"section\" data-e-type=\"section\">\n\t\t\t\t\t\t<div class=\"elementor-container elementor-column-gap-no\">\n\t\t\t\t\t<div class=\"elementor-column elementor-col-100 elementor-top-column elementor-element elementor-element-0dbe835 elementor-repeater-item-none elementor-repeater-item-none_hover\" data-id=\"0dbe835\" data-element_type=\"column\" data-e-type=\"column\">\n\t\t\t<div class=\"elementor-widget-wrap elementor-element-populated\">\n\t\t\t\t\t\t<section class=\"elementor-section elementor-inner-section elementor-element elementor-element-645897f elementor-section-boxed ang-section-padding-initial elementor-section-height-default elementor-section-height-default elementor-repeater-item-none elementor-repeater-item-none_hover\" data-id=\"645897f\" data-element_type=\"section\" data-e-type=\"section\">\n\t\t\t\t\t\t<div class=\"elementor-container elementor-column-gap-no\">\n\t\t\t\t\t<div class=\"elementor-column elementor-col-100 elementor-inner-column elementor-element elementor-element-8462550 elementor-repeater-item-none elementor-repeater-item-none_hover\" data-id=\"8462550\" data-element_type=\"column\" data-e-type=\"column\">\n\t\t\t<div class=\"elementor-widget-wrap elementor-element-populated\">\n\t\t\t\t\t\t<div class=\"elementor-element elementor-element-5cc0067 elementor-repeater-item-none elementor-repeater-item-none_hover elementor-widget elementor-widget-heading\" data-id=\"5cc0067\" data-element_type=\"widget\" data-e-type=\"widget\" data-widget_type=\"heading.default\">\n\t\t\t\t<div class=\"elementor-widget-container\">\n\t\t\t\t\t<h2 class=\"elementor-heading-title elementor-size-default\">Hor\u00e1rio SEDE<\/h2>\t\t\t\t<\/div>\n\t\t\t\t<\/div>\n\t\t\t\t<div class=\"elementor-element elementor-element-3fe8786 external_elementor-repeater-item-none_external elementor-repeater-item-none elementor-repeater-item-none_hover elementor-widget elementor-widget-image\" data-id=\"3fe8786\" data-element_type=\"widget\" data-e-type=\"widget\" data-widget_type=\"image.default\">\n\t\t\t\t<div class=\"elementor-widget-container\">\n\t\t\t\t\t\t\t\t\t\t\t\t\t\t\t\t<a href=\"https:\/\/ufcq.com.pt\/wp-usc\/wp-content\/uploads\/2025\/08\/Horario-Carnaxide-segunda-feira.jpg\" data-elementor-open-lightbox=\"yes\" data-elementor-lightbox-title=\"Hor\u00e1rio Carnaxide segunda-feira\" data-e-action-hash=\"#elementor-action%3Aaction%3Dlightbox%26settings%3DeyJpZCI6MzAwMywidXJsIjoiaHR0cHM6XC9cL3VmY3EuY29tLnB0XC93cC11c2NcL3dwLWNvbnRlbnRcL3VwbG9hZHNcLzIwMjVcLzA4XC9Ib3JhcmlvLUNhcm5heGlkZS1zZWd1bmRhLWZlaXJhLmpwZyJ9\">\n\t\t\t\t\t\t\t<img fetchpriority=\"high\" decoding=\"async\" width=\"1024\" height=\"576\" src=\"https:\/\/ufcq.com.pt\/wp-usc\/wp-content\/uploads\/2025\/08\/Horario-Carnaxide-segunda-feira-1024x576.jpg\" class=\"attachment-large size-large wp-image-3003\" alt=\"\" srcset=\"https:\/\/ufcq.com.pt\/wp-usc\/wp-content\/uploads\/2025\/08\/Horario-Carnaxide-segunda-feira-1024x576.jpg 1024w, https:\/\/ufcq.com.pt\/wp-usc\/wp-content\/uploads\/2025\/08\/Horario-Carnaxide-segunda-feira-300x169.jpg 300w, https:\/\/ufcq.com.pt\/wp-usc\/wp-content\/uploads\/2025\/08\/Horario-Carnaxide-segunda-feira-768x432.jpg 768w, https:\/\/ufcq.com.pt\/wp-usc\/wp-content\/uploads\/2025\/08\/Horario-Carnaxide-segunda-feira.jpg 1280w\" sizes=\"(max-width: 1024px) 100vw, 1024px\" \/>\t\t\t\t\t\t\t\t<\/a>\n\t\t\t\t\t\t\t\t\t\t\t\t\t\t\t<\/div>\n\t\t\t\t<\/div>\n\t\t\t\t<div class=\"elementor-element elementor-element-1b58220 external_elementor-repeater-item-none_external elementor-repeater-item-none elementor-repeater-item-none_hover elementor-widget elementor-widget-image\" data-id=\"1b58220\" data-element_type=\"widget\" data-e-type=\"widget\" data-widget_type=\"image.default\">\n\t\t\t\t<div class=\"elementor-widget-container\">\n\t\t\t\t\t\t\t\t\t\t\t\t\t\t\t\t<a href=\"https:\/\/ufcq.com.pt\/wp-usc\/wp-content\/uploads\/2025\/08\/Horario-Carnaxide-terca-feira.jpg\" data-elementor-open-lightbox=\"yes\" data-elementor-lightbox-title=\"Hor\u00e1rio Carnaxide ter\u00e7a-feira\" data-e-action-hash=\"#elementor-action%3Aaction%3Dlightbox%26settings%3DeyJpZCI6MzAwNSwidXJsIjoiaHR0cHM6XC9cL3VmY3EuY29tLnB0XC93cC11c2NcL3dwLWNvbnRlbnRcL3VwbG9hZHNcLzIwMjVcLzA4XC9Ib3JhcmlvLUNhcm5heGlkZS10ZXJjYS1mZWlyYS5qcGcifQ%3D%3D\">\n\t\t\t\t\t\t\t<img decoding=\"async\" width=\"1024\" height=\"576\" src=\"https:\/\/ufcq.com.pt\/wp-usc\/wp-content\/uploads\/2025\/08\/Horario-Carnaxide-terca-feira-1024x576.jpg\" class=\"attachment-large size-large wp-image-3005\" alt=\"\" srcset=\"https:\/\/ufcq.com.pt\/wp-usc\/wp-content\/uploads\/2025\/08\/Horario-Carnaxide-terca-feira-1024x576.jpg 1024w, https:\/\/ufcq.com.pt\/wp-usc\/wp-content\/uploads\/2025\/08\/Horario-Carnaxide-terca-feira-300x169.jpg 300w, https:\/\/ufcq.com.pt\/wp-usc\/wp-content\/uploads\/2025\/08\/Horario-Carnaxide-terca-feira-768x432.jpg 768w, https:\/\/ufcq.com.pt\/wp-usc\/wp-content\/uploads\/2025\/08\/Horario-Carnaxide-terca-feira.jpg 1280w\" sizes=\"(max-width: 1024px) 100vw, 1024px\" \/>\t\t\t\t\t\t\t\t<\/a>\n\t\t\t\t\t\t\t\t\t\t\t\t\t\t\t<\/div>\n\t\t\t\t<\/div>\n\t\t\t\t<div class=\"elementor-element elementor-element-f50d83e external_elementor-repeater-item-none_external elementor-repeater-item-none elementor-repeater-item-none_hover elementor-widget elementor-widget-image\" data-id=\"f50d83e\" data-element_type=\"widget\" data-e-type=\"widget\" data-widget_type=\"image.default\">\n\t\t\t\t<div class=\"elementor-widget-container\">\n\t\t\t\t\t\t\t\t\t\t\t\t\t\t\t\t<a href=\"https:\/\/ufcq.com.pt\/wp-usc\/wp-content\/uploads\/2025\/08\/Horario-Carnaxide-quarta-feira.jpg\" data-elementor-open-lightbox=\"yes\" data-elementor-lightbox-title=\"Hor\u00e1rio Carnaxide quarta-feira\" data-e-action-hash=\"#elementor-action%3Aaction%3Dlightbox%26settings%3DeyJpZCI6MzAwNiwidXJsIjoiaHR0cHM6XC9cL3VmY3EuY29tLnB0XC93cC11c2NcL3dwLWNvbnRlbnRcL3VwbG9hZHNcLzIwMjVcLzA4XC9Ib3JhcmlvLUNhcm5heGlkZS1xdWFydGEtZmVpcmEuanBnIn0%3D\">\n\t\t\t\t\t\t\t<img decoding=\"async\" width=\"1024\" height=\"576\" src=\"https:\/\/ufcq.com.pt\/wp-usc\/wp-content\/uploads\/2025\/08\/Horario-Carnaxide-quarta-feira-1024x576.jpg\" class=\"attachment-large size-large wp-image-3006\" alt=\"\" srcset=\"https:\/\/ufcq.com.pt\/wp-usc\/wp-content\/uploads\/2025\/08\/Horario-Carnaxide-quarta-feira-1024x576.jpg 1024w, https:\/\/ufcq.com.pt\/wp-usc\/wp-content\/uploads\/2025\/08\/Horario-Carnaxide-quarta-feira-300x169.jpg 300w, https:\/\/ufcq.com.pt\/wp-usc\/wp-content\/uploads\/2025\/08\/Horario-Carnaxide-quarta-feira-768x432.jpg 768w, https:\/\/ufcq.com.pt\/wp-usc\/wp-content\/uploads\/2025\/08\/Horario-Carnaxide-quarta-feira.jpg 1280w\" sizes=\"(max-width: 1024px) 100vw, 1024px\" \/>\t\t\t\t\t\t\t\t<\/a>\n\t\t\t\t\t\t\t\t\t\t\t\t\t\t\t<\/div>\n\t\t\t\t<\/div>\n\t\t\t\t<div class=\"elementor-element elementor-element-4e00b41 elementor-repeater-item-none elementor-repeater-item-none_hover elementor-widget elementor-widget-menu-anchor\" data-id=\"4e00b41\" data-element_type=\"widget\" data-e-type=\"widget\" data-widget_type=\"menu-anchor.default\">\n\t\t\t\t<div class=\"elementor-widget-container\">\n\t\t\t\t\t\t\t<div class=\"elementor-menu-anchor\" id=\"horarios\"><\/div>\n\t\t\t\t\t\t<\/div>\n\t\t\t\t<\/div>\n\t\t\t\t<div class=\"elementor-element elementor-element-1d9108a external_elementor-repeater-item-none_external elementor-repeater-item-none elementor-repeater-item-none_hover elementor-widget elementor-widget-image\" data-id=\"1d9108a\" data-element_type=\"widget\" data-e-type=\"widget\" data-widget_type=\"image.default\">\n\t\t\t\t<div class=\"elementor-widget-container\">\n\t\t\t\t\t\t\t\t\t\t\t\t\t\t\t\t<a href=\"https:\/\/ufcq.com.pt\/wp-usc\/wp-content\/uploads\/2025\/08\/Horario-Carnaxide-Quinta-feira.jpg\" data-elementor-open-lightbox=\"yes\" data-elementor-lightbox-title=\"Hor\u00e1rio Carnaxide Quinta-feira\" data-e-action-hash=\"#elementor-action%3Aaction%3Dlightbox%26settings%3DeyJpZCI6MzAwNywidXJsIjoiaHR0cHM6XC9cL3VmY3EuY29tLnB0XC93cC11c2NcL3dwLWNvbnRlbnRcL3VwbG9hZHNcLzIwMjVcLzA4XC9Ib3JhcmlvLUNhcm5heGlkZS1RdWludGEtZmVpcmEuanBnIn0%3D\">\n\t\t\t\t\t\t\t<img loading=\"lazy\" decoding=\"async\" width=\"1024\" height=\"576\" src=\"https:\/\/ufcq.com.pt\/wp-usc\/wp-content\/uploads\/2025\/08\/Horario-Carnaxide-Quinta-feira-1024x576.jpg\" class=\"attachment-large size-large wp-image-3007\" alt=\"\" srcset=\"https:\/\/ufcq.com.pt\/wp-usc\/wp-content\/uploads\/2025\/08\/Horario-Carnaxide-Quinta-feira-1024x576.jpg 1024w, https:\/\/ufcq.com.pt\/wp-usc\/wp-content\/uploads\/2025\/08\/Horario-Carnaxide-Quinta-feira-300x169.jpg 300w, https:\/\/ufcq.com.pt\/wp-usc\/wp-content\/uploads\/2025\/08\/Horario-Carnaxide-Quinta-feira-768x432.jpg 768w, https:\/\/ufcq.com.pt\/wp-usc\/wp-content\/uploads\/2025\/08\/Horario-Carnaxide-Quinta-feira.jpg 1280w\" sizes=\"(max-width: 1024px) 100vw, 1024px\" \/>\t\t\t\t\t\t\t\t<\/a>\n\t\t\t\t\t\t\t\t\t\t\t\t\t\t\t<\/div>\n\t\t\t\t<\/div>\n\t\t\t\t<div class=\"elementor-element elementor-element-d2824e6 elementor-repeater-item-none elementor-repeater-item-none_hover elementor-widget elementor-widget-heading\" data-id=\"d2824e6\" data-element_type=\"widget\" data-e-type=\"widget\" data-widget_type=\"heading.default\">\n\t\t\t\t<div class=\"elementor-widget-container\">\n\t\t\t\t\t<h2 class=\"elementor-heading-title elementor-size-default\">Hor\u00e1rio polo<\/h2>\t\t\t\t<\/div>\n\t\t\t\t<\/div>\n\t\t\t\t<div class=\"elementor-element elementor-element-0f246d2 external_elementor-repeater-item-none_external elementor-repeater-item-none elementor-repeater-item-none_hover elementor-widget elementor-widget-image\" data-id=\"0f246d2\" data-element_type=\"widget\" data-e-type=\"widget\" data-widget_type=\"image.default\">\n\t\t\t\t<div class=\"elementor-widget-container\">\n\t\t\t\t\t\t\t\t\t\t\t\t\t\t\t\t<a href=\"https:\/\/ufcq.com.pt\/wp-usc\/wp-content\/uploads\/2022\/08\/Horario2022-2023_Queijas_v1-1-scaled.jpg\" data-elementor-open-lightbox=\"yes\" data-e-action-hash=\"#elementor-action%3Aaction%3Dlightbox%26settings%3DeyJpZCI6MjExMSwidXJsIjpmYWxzZX0%3D\">\n\t\t\t\t\t\t\t<img decoding=\"async\" src=\"https:\/\/ufcq.com.pt\/wp-usc\/wp-content\/uploads\/2022\/08\/Horario2022-2023_Queijas_v1-1-scaled.jpg\" title=\"\" alt=\"\" loading=\"lazy\" \/>\t\t\t\t\t\t\t\t<\/a>\n\t\t\t\t\t\t\t\t\t\t\t\t\t\t\t<\/div>\n\t\t\t\t<\/div>\n\t\t\t\t<div class=\"elementor-element elementor-element-36b0021 elementor-repeater-item-none elementor-repeater-item-none_hover elementor-widget elementor-widget-menu-anchor\" data-id=\"36b0021\" data-element_type=\"widget\" data-e-type=\"widget\" data-widget_type=\"menu-anchor.default\">\n\t\t\t\t<div class=\"elementor-widget-container\">\n\t\t\t\t\t\t\t<div class=\"elementor-menu-anchor\" id=\"calendario\"><\/div>\n\t\t\t\t\t\t<\/div>\n\t\t\t\t<\/div>\n\t\t\t\t<div class=\"elementor-element elementor-element-da459dc external_elementor-repeater-item-none_external elementor-repeater-item-none elementor-repeater-item-none_hover elementor-widget elementor-widget-image\" data-id=\"da459dc\" data-element_type=\"widget\" data-e-type=\"widget\" data-widget_type=\"image.default\">\n\t\t\t\t<div class=\"elementor-widget-container\">\n\t\t\t\t\t\t\t\t\t\t\t\t\t\t\t\t<a href=\"https:\/\/ufcq.com.pt\/wp-usc\/wp-content\/uploads\/2025\/08\/Horario-Queijas.jpg\" data-elementor-open-lightbox=\"yes\" data-elementor-lightbox-title=\"Hor\u00e1rio Queijas\" data-e-action-hash=\"#elementor-action%3Aaction%3Dlightbox%26settings%3DeyJpZCI6MzAwOCwidXJsIjoiaHR0cHM6XC9cL3VmY3EuY29tLnB0XC93cC11c2NcL3dwLWNvbnRlbnRcL3VwbG9hZHNcLzIwMjVcLzA4XC9Ib3JhcmlvLVF1ZWlqYXMuanBnIn0%3D\">\n\t\t\t\t\t\t\t<img loading=\"lazy\" decoding=\"async\" width=\"1024\" height=\"576\" src=\"https:\/\/ufcq.com.pt\/wp-usc\/wp-content\/uploads\/2025\/08\/Horario-Queijas-1024x576.jpg\" class=\"attachment-large size-large wp-image-3008\" alt=\"\" srcset=\"https:\/\/ufcq.com.pt\/wp-usc\/wp-content\/uploads\/2025\/08\/Horario-Queijas-1024x576.jpg 1024w, https:\/\/ufcq.com.pt\/wp-usc\/wp-content\/uploads\/2025\/08\/Horario-Queijas-300x169.jpg 300w, https:\/\/ufcq.com.pt\/wp-usc\/wp-content\/uploads\/2025\/08\/Horario-Queijas-768x432.jpg 768w, https:\/\/ufcq.com.pt\/wp-usc\/wp-content\/uploads\/2025\/08\/Horario-Queijas.jpg 1280w\" sizes=\"(max-width: 1024px) 100vw, 1024px\" \/>\t\t\t\t\t\t\t\t<\/a>\n\t\t\t\t\t\t\t\t\t\t\t\t\t\t\t<\/div>\n\t\t\t\t<\/div>\n\t\t\t\t<div class=\"elementor-element elementor-element-27180d8 elementor-repeater-item-none elementor-repeater-item-none_hover elementor-widget elementor-widget-heading\" data-id=\"27180d8\" data-element_type=\"widget\" data-e-type=\"widget\" data-widget_type=\"heading.default\">\n\t\t\t\t<div class=\"elementor-widget-container\">\n\t\t\t\t\t<h2 class=\"elementor-heading-title elementor-size-default\"><br>Calend\u00e1rio do ano letivo<\/h2>\t\t\t\t<\/div>\n\t\t\t\t<\/div>\n\t\t\t\t<div class=\"elementor-element elementor-element-9b9970a external_elementor-repeater-item-none_external elementor-repeater-item-none elementor-repeater-item-none_hover elementor-widget elementor-widget-image\" data-id=\"9b9970a\" data-element_type=\"widget\" data-e-type=\"widget\" data-widget_type=\"image.default\">\n\t\t\t\t<div class=\"elementor-widget-container\">\n\t\t\t\t\t\t\t\t\t\t\t\t\t\t\t\t<a href=\"https:\/\/ufcq.com.pt\/wp-usc\/wp-content\/uploads\/2025\/08\/Calendario-aulas.jpg\" data-elementor-open-lightbox=\"yes\" data-elementor-lightbox-title=\"Calend\u00e1rio aulas\" data-e-action-hash=\"#elementor-action%3Aaction%3Dlightbox%26settings%3DeyJpZCI6MzAwOSwidXJsIjoiaHR0cHM6XC9cL3VmY3EuY29tLnB0XC93cC11c2NcL3dwLWNvbnRlbnRcL3VwbG9hZHNcLzIwMjVcLzA4XC9DYWxlbmRhcmlvLWF1bGFzLmpwZyJ9\">\n\t\t\t\t\t\t\t<img loading=\"lazy\" decoding=\"async\" width=\"1024\" height=\"576\" src=\"https:\/\/ufcq.com.pt\/wp-usc\/wp-content\/uploads\/2025\/08\/Calendario-aulas-1024x576.jpg\" class=\"attachment-large size-large wp-image-3009\" alt=\"\" srcset=\"https:\/\/ufcq.com.pt\/wp-usc\/wp-content\/uploads\/2025\/08\/Calendario-aulas-1024x576.jpg 1024w, https:\/\/ufcq.com.pt\/wp-usc\/wp-content\/uploads\/2025\/08\/Calendario-aulas-300x169.jpg 300w, https:\/\/ufcq.com.pt\/wp-usc\/wp-content\/uploads\/2025\/08\/Calendario-aulas-768x432.jpg 768w, https:\/\/ufcq.com.pt\/wp-usc\/wp-content\/uploads\/2025\/08\/Calendario-aulas.jpg 1280w\" sizes=\"(max-width: 1024px) 100vw, 1024px\" \/>\t\t\t\t\t\t\t\t<\/a>\n\t\t\t\t\t\t\t\t\t\t\t\t\t\t\t<\/div>\n\t\t\t\t<\/div>\n\t\t\t\t\t<\/div>\n\t\t<\/div>\n\t\t\t\t\t<\/div>\n\t\t<\/section>\n\t\t\t\t\t<\/div>\n\t\t<\/div>\n\t\t\t\t\t<\/div>\n\t\t<\/section>\n\t\t\t\t<\/div>\n\t\t","protected":false},"excerpt":{"rendered":"<p>Hor\u00e1rios Hor\u00e1rio SEDE Hor\u00e1rio polo Calend\u00e1rio do ano letivo<\/p>\n","protected":false},"author":1,"featured_media":0,"parent":0,"menu_order":0,"comment_status":"closed","ping_status":"closed","template":"","meta":{"site-sidebar-layout":"no-sidebar","site-content-layout":"page-builder","ast-site-content-layout":"full-width-container","site-content-style":"unboxed","site-sidebar-style":"unboxed","ast-global-header-display":"","ast-banner-title-visibility":"","ast-main-header-display":"","ast-hfb-above-header-display":"","ast-hfb-below-header-display":"","ast-hfb-mobile-header-display":"","site-post-title":"disabled","ast-breadcrumbs-content":"disabled","ast-featured-img":"disabled","footer-sml-layout":"","theme-transparent-header-meta":"enabled","adv-header-id-meta":"","stick-header-meta":"","header-above-stick-meta":"","header-main-stick-meta":"","header-below-stick-meta":"","astra-migrate-meta-layouts":"set","ast-page-background-enabled":"default","ast-page-background-meta":{"desktop":{"background-color":"","background-image":"","background-repeat":"repeat","background-position":"center center","background-size":"auto","background-attachment":"scroll","background-type":"","background-media":"","overlay-type":"","overlay-color":"","overlay-opacity":"","overlay-gradient":""},"tablet":{"background-color":"","background-image":"","background-repeat":"repeat","background-position":"center center","background-size":"auto","background-attachment":"scroll","background-type":"","background-media":"","overlay-type":"","overlay-color":"","overlay-opacity":"","overlay-gradient":""},"mobile":{"background-color":"","background-image":"","background-repeat":"repeat","background-position":"center center","background-size":"auto","background-attachment":"scroll","background-type":"","background-media":"","overlay-type":"","overlay-color":"","overlay-opacity":"","overlay-gradient":""}},"ast-content-background-meta":{"desktop":{"background-color":"var(--ast-global-color-5)","background-image":"","background-repeat":"repeat","background-position":"center center","background-size":"auto","background-attachment":"scroll","background-type":"","background-media":"","overlay-type":"","overlay-color":"","overlay-opacity":"","overlay-gradient":""},"tablet":{"background-color":"var(--ast-global-color-5)","background-image":"","background-repeat":"repeat","background-position":"center center","background-size":"auto","background-attachment":"scroll","background-type":"","background-media":"","overlay-type":"","overlay-color":"","overlay-opacity":"","overlay-gradient":""},"mobile":{"background-color":"var(--ast-global-color-5)","background-image":"","background-repeat":"repeat","background-position":"center center","background-size":"auto","background-attachment":"scroll","background-type":"","background-media":"","overlay-type":"","overlay-color":"","overlay-opacity":"","overlay-gradient":""}},"footnotes":""},"class_list":["post-943","page","type-page","status-publish","hentry"],"yoast_head":"<!-- This site is optimized with the Yoast SEO plugin v26.8 - https:\/\/yoast.com\/product\/yoast-seo-wordpress\/ -->\n<title>Hor\u00e1rios - USCQAL<\/title>\n<meta name=\"description\" content=\"Caso seja professor, aqui pode comunicar a sua aus\u00eancia. Caso seja aluno, pode verificar poss\u00edveis aus\u00eancias dos seus professores.\" \/>\n<meta name=\"robots\" content=\"index, follow, max-snippet:-1, max-image-preview:large, max-video-preview:-1\" \/>\n<link rel=\"canonical\" href=\"https:\/\/ufcq.com.pt\/wp-usc\/horarios\/\" \/>\n<meta property=\"og:locale\" content=\"pt_PT\" \/>\n<meta property=\"og:type\" content=\"article\" \/>\n<meta property=\"og:title\" content=\"Hor\u00e1rios - USCQAL\" \/>\n<meta property=\"og:description\" content=\"Caso seja professor, aqui pode comunicar a sua aus\u00eancia. Caso seja aluno, pode verificar poss\u00edveis aus\u00eancias dos seus professores.\" \/>\n<meta property=\"og:url\" content=\"https:\/\/ufcq.com.pt\/wp-usc\/horarios\/\" \/>\n<meta property=\"og:site_name\" content=\"USCQAL\" \/>\n<meta property=\"article:modified_time\" content=\"2025-08-19T10:35:57+00:00\" \/>\n<meta property=\"og:image\" content=\"https:\/\/ufcq.com.pt\/wp-usc\/wp-content\/uploads\/2025\/08\/Horario-Carnaxide-segunda-feira.jpg\" \/>\n\t<meta property=\"og:image:width\" content=\"1280\" \/>\n\t<meta property=\"og:image:height\" content=\"720\" \/>\n\t<meta property=\"og:image:type\" content=\"image\/jpeg\" \/>\n<meta name=\"twitter:card\" content=\"summary_large_image\" \/>\n<meta name=\"twitter:label1\" content=\"Tempo estimado de leitura\" \/>\n\t<meta name=\"twitter:data1\" content=\"2 minutos\" \/>\n<script type=\"application\/ld+json\" class=\"yoast-schema-graph\">{\"@context\":\"https:\/\/schema.org\",\"@graph\":[{\"@type\":\"WebPage\",\"@id\":\"https:\/\/ufcq.com.pt\/wp-usc\/horarios\/\",\"url\":\"https:\/\/ufcq.com.pt\/wp-usc\/horarios\/\",\"name\":\"Hor\u00e1rios - USCQAL\",\"isPartOf\":{\"@id\":\"https:\/\/ufcq.com.pt\/wp-usc\/#website\"},\"primaryImageOfPage\":{\"@id\":\"https:\/\/ufcq.com.pt\/wp-usc\/horarios\/#primaryimage\"},\"image\":{\"@id\":\"https:\/\/ufcq.com.pt\/wp-usc\/horarios\/#primaryimage\"},\"thumbnailUrl\":\"https:\/\/ufcq.com.pt\/wp-usc\/wp-content\/uploads\/2025\/08\/Horario-Carnaxide-segunda-feira-1024x576.jpg\",\"datePublished\":\"2020-08-25T15:07:40+00:00\",\"dateModified\":\"2025-08-19T10:35:57+00:00\",\"description\":\"Caso seja professor, aqui pode comunicar a sua aus\u00eancia. Caso seja aluno, pode verificar poss\u00edveis aus\u00eancias dos seus professores.\",\"breadcrumb\":{\"@id\":\"https:\/\/ufcq.com.pt\/wp-usc\/horarios\/#breadcrumb\"},\"inLanguage\":\"pt-PT\",\"potentialAction\":[{\"@type\":\"ReadAction\",\"target\":[\"https:\/\/ufcq.com.pt\/wp-usc\/horarios\/\"]}]},{\"@type\":\"ImageObject\",\"inLanguage\":\"pt-PT\",\"@id\":\"https:\/\/ufcq.com.pt\/wp-usc\/horarios\/#primaryimage\",\"url\":\"https:\/\/ufcq.com.pt\/wp-usc\/wp-content\/uploads\/2025\/08\/Horario-Carnaxide-segunda-feira.jpg\",\"contentUrl\":\"https:\/\/ufcq.com.pt\/wp-usc\/wp-content\/uploads\/2025\/08\/Horario-Carnaxide-segunda-feira.jpg\",\"width\":1280,\"height\":720},{\"@type\":\"BreadcrumbList\",\"@id\":\"https:\/\/ufcq.com.pt\/wp-usc\/horarios\/#breadcrumb\",\"itemListElement\":[{\"@type\":\"ListItem\",\"position\":1,\"name\":\"In\u00edcio\",\"item\":\"https:\/\/ufcq.com.pt\/wp-usc\/\"},{\"@type\":\"ListItem\",\"position\":2,\"name\":\"Hor\u00e1rios\"}]},{\"@type\":\"WebSite\",\"@id\":\"https:\/\/ufcq.com.pt\/wp-usc\/#website\",\"url\":\"https:\/\/ufcq.com.pt\/wp-usc\/\",\"name\":\"USCQAL\",\"description\":\"Universidade S&eacute;nior de Carnaxide e Queijas\",\"publisher\":{\"@id\":\"https:\/\/ufcq.com.pt\/wp-usc\/#organization\"},\"potentialAction\":[{\"@type\":\"SearchAction\",\"target\":{\"@type\":\"EntryPoint\",\"urlTemplate\":\"https:\/\/ufcq.com.pt\/wp-usc\/?s={search_term_string}\"},\"query-input\":{\"@type\":\"PropertyValueSpecification\",\"valueRequired\":true,\"valueName\":\"search_term_string\"}}],\"inLanguage\":\"pt-PT\"},{\"@type\":\"Organization\",\"@id\":\"https:\/\/ufcq.com.pt\/wp-usc\/#organization\",\"name\":\"USCQAL\",\"url\":\"https:\/\/ufcq.com.pt\/wp-usc\/\",\"logo\":{\"@type\":\"ImageObject\",\"inLanguage\":\"pt-PT\",\"@id\":\"https:\/\/ufcq.com.pt\/wp-usc\/#\/schema\/logo\/image\/\",\"url\":\"https:\/\/ufcq.com.pt\/wp-usc\/wp-content\/uploads\/2020\/08\/cropped-logo-site-uscqal-1-1.png\",\"contentUrl\":\"https:\/\/ufcq.com.pt\/wp-usc\/wp-content\/uploads\/2020\/08\/cropped-logo-site-uscqal-1-1.png\",\"width\":494,\"height\":110,\"caption\":\"USCQAL\"},\"image\":{\"@id\":\"https:\/\/ufcq.com.pt\/wp-usc\/#\/schema\/logo\/image\/\"}}]}<\/script>\n<!-- \/ Yoast SEO plugin. -->","yoast_head_json":{"title":"Hor\u00e1rios - USCQAL","description":"Caso seja professor, aqui pode comunicar a sua aus\u00eancia. Caso seja aluno, pode verificar poss\u00edveis aus\u00eancias dos seus professores.","robots":{"index":"index","follow":"follow","max-snippet":"max-snippet:-1","max-image-preview":"max-image-preview:large","max-video-preview":"max-video-preview:-1"},"canonical":"https:\/\/ufcq.com.pt\/wp-usc\/horarios\/","og_locale":"pt_PT","og_type":"article","og_title":"Hor\u00e1rios - USCQAL","og_description":"Caso seja professor, aqui pode comunicar a sua aus\u00eancia. Caso seja aluno, pode verificar poss\u00edveis aus\u00eancias dos seus professores.","og_url":"https:\/\/ufcq.com.pt\/wp-usc\/horarios\/","og_site_name":"USCQAL","article_modified_time":"2025-08-19T10:35:57+00:00","og_image":[{"width":1280,"height":720,"url":"https:\/\/ufcq.com.pt\/wp-usc\/wp-content\/uploads\/2025\/08\/Horario-Carnaxide-segunda-feira.jpg","type":"image\/jpeg"}],"twitter_card":"summary_large_image","twitter_misc":{"Tempo estimado de leitura":"2 minutos"},"schema":{"@context":"https:\/\/schema.org","@graph":[{"@type":"WebPage","@id":"https:\/\/ufcq.com.pt\/wp-usc\/horarios\/","url":"https:\/\/ufcq.com.pt\/wp-usc\/horarios\/","name":"Hor\u00e1rios - USCQAL","isPartOf":{"@id":"https:\/\/ufcq.com.pt\/wp-usc\/#website"},"primaryImageOfPage":{"@id":"https:\/\/ufcq.com.pt\/wp-usc\/horarios\/#primaryimage"},"image":{"@id":"https:\/\/ufcq.com.pt\/wp-usc\/horarios\/#primaryimage"},"thumbnailUrl":"https:\/\/ufcq.com.pt\/wp-usc\/wp-content\/uploads\/2025\/08\/Horario-Carnaxide-segunda-feira-1024x576.jpg","datePublished":"2020-08-25T15:07:40+00:00","dateModified":"2025-08-19T10:35:57+00:00","description":"Caso seja professor, aqui pode comunicar a sua aus\u00eancia. Caso seja aluno, pode verificar poss\u00edveis aus\u00eancias dos seus professores.","breadcrumb":{"@id":"https:\/\/ufcq.com.pt\/wp-usc\/horarios\/#breadcrumb"},"inLanguage":"pt-PT","potentialAction":[{"@type":"ReadAction","target":["https:\/\/ufcq.com.pt\/wp-usc\/horarios\/"]}]},{"@type":"ImageObject","inLanguage":"pt-PT","@id":"https:\/\/ufcq.com.pt\/wp-usc\/horarios\/#primaryimage","url":"https:\/\/ufcq.com.pt\/wp-usc\/wp-content\/uploads\/2025\/08\/Horario-Carnaxide-segunda-feira.jpg","contentUrl":"https:\/\/ufcq.com.pt\/wp-usc\/wp-content\/uploads\/2025\/08\/Horario-Carnaxide-segunda-feira.jpg","width":1280,"height":720},{"@type":"BreadcrumbList","@id":"https:\/\/ufcq.com.pt\/wp-usc\/horarios\/#breadcrumb","itemListElement":[{"@type":"ListItem","position":1,"name":"In\u00edcio","item":"https:\/\/ufcq.com.pt\/wp-usc\/"},{"@type":"ListItem","position":2,"name":"Hor\u00e1rios"}]},{"@type":"WebSite","@id":"https:\/\/ufcq.com.pt\/wp-usc\/#website","url":"https:\/\/ufcq.com.pt\/wp-usc\/","name":"USCQAL","description":"Universidade S&eacute;nior de Carnaxide e Queijas","publisher":{"@id":"https:\/\/ufcq.com.pt\/wp-usc\/#organization"},"potentialAction":[{"@type":"SearchAction","target":{"@type":"EntryPoint","urlTemplate":"https:\/\/ufcq.com.pt\/wp-usc\/?s={search_term_string}"},"query-input":{"@type":"PropertyValueSpecification","valueRequired":true,"valueName":"search_term_string"}}],"inLanguage":"pt-PT"},{"@type":"Organization","@id":"https:\/\/ufcq.com.pt\/wp-usc\/#organization","name":"USCQAL","url":"https:\/\/ufcq.com.pt\/wp-usc\/","logo":{"@type":"ImageObject","inLanguage":"pt-PT","@id":"https:\/\/ufcq.com.pt\/wp-usc\/#\/schema\/logo\/image\/","url":"https:\/\/ufcq.com.pt\/wp-usc\/wp-content\/uploads\/2020\/08\/cropped-logo-site-uscqal-1-1.png","contentUrl":"https:\/\/ufcq.com.pt\/wp-usc\/wp-content\/uploads\/2020\/08\/cropped-logo-site-uscqal-1-1.png","width":494,"height":110,"caption":"USCQAL"},"image":{"@id":"https:\/\/ufcq.com.pt\/wp-usc\/#\/schema\/logo\/image\/"}}]}},"_links":{"self":[{"href":"https:\/\/ufcq.com.pt\/wp-usc\/wp-json\/wp\/v2\/pages\/943","targetHints":{"allow":["GET"]}}],"collection":[{"href":"https:\/\/ufcq.com.pt\/wp-usc\/wp-json\/wp\/v2\/pages"}],"about":[{"href":"https:\/\/ufcq.com.pt\/wp-usc\/wp-json\/wp\/v2\/types\/page"}],"author":[{"embeddable":true,"href":"https:\/\/ufcq.com.pt\/wp-usc\/wp-json\/wp\/v2\/users\/1"}],"replies":[{"embeddable":true,"href":"https:\/\/ufcq.com.pt\/wp-usc\/wp-json\/wp\/v2\/comments?post=943"}],"version-history":[{"count":167,"href":"https:\/\/ufcq.com.pt\/wp-usc\/wp-json\/wp\/v2\/pages\/943\/revisions"}],"predecessor-version":[{"id":3012,"href":"https:\/\/ufcq.com.pt\/wp-usc\/wp-json\/wp\/v2\/pages\/943\/revisions\/3012"}],"wp:attachment":[{"href":"https:\/\/ufcq.com.pt\/wp-usc\/wp-json\/wp\/v2\/media?parent=943"}],"curies":[{"name":"wp","href":"https:\/\/api.w.org\/{rel}","templated":true}]}}